{"id":459806,"date":"2022-08-05T10:39:04","date_gmt":"2022-08-05T08:39:04","guid":{"rendered":"https:\/\/www.kolbkaelte.ch\/evenements\/"},"modified":"2025-11-06T09:27:10","modified_gmt":"2025-11-06T08:27:10","slug":"events","status":"publish","type":"page","link":"https:\/\/www.kolbkaelte.ch\/fr\/events\/","title":{"rendered":"\u00c9v\u00e9nements"},"content":{"rendered":"<p>[et_pb_section fb_built=\u00a0\u00bb1&Prime; _builder_version=\u00a0\u00bb4.21.0&Prime; _module_preset=\u00a0\u00bb2a2180eb-4658-459f-be60-4662e57b96f7&Prime; background_image=\u00a0\u00bbhttps:\/\/www.kolbkaelte.ch\/wp-content\/uploads\/2023\/07\/kolbkaelte-events-1.png\u00a0\u00bb background_last_edited=\u00a0\u00bbon|phone\u00a0\u00bb background_image_tablet=\u00a0\u00bbhttps:\/\/www.kolbkaelte.ch\/wp-content\/uploads\/2023\/07\/PATT_Seminar-1-1.jpg\u00a0\u00bb background_image_phone=\u00a0\u00bbhttps:\/\/www.kolbkaelte.ch\/wp-content\/uploads\/2023\/07\/PATT_Seminar-1-1.jpg\u00a0\u00bb locked=\u00a0\u00bboff\u00a0\u00bb global_colors_info=\u00a0\u00bb{}\u00a0\u00bb][et_pb_row column_structure=\u00a0\u00bb1_2,1_2&Prime; _builder_version=\u00a0\u00bb4.21.0&Prime; _module_preset=\u00a0\u00bbdefault\u00a0\u00bb global_colors_info=\u00a0\u00bb{}\u00a0\u00bb][et_pb_column type=\u00a0\u00bb1_2&Prime; _builder_version=\u00a0\u00bb4.16&Prime; _module_preset=\u00a0\u00bbdefault\u00a0\u00bb global_colors_info=\u00a0\u00bb{}\u00a0\u00bb][et_pb_text _builder_version=\u00a0\u00bb4.17.6&Prime; _module_preset=\u00a0\u00bbdefault\u00a0\u00bb text_text_color=\u00a0\u00bb#FFFFFF\u00a0\u00bb header_text_color=\u00a0\u00bb#FFFFFF\u00a0\u00bb global_colors_info=\u00a0\u00bb{}\u00a0\u00bb]<\/p>\n<h1>\u00c9v\u00e9nements<\/h1>\n<p>En coop\u00e9ration avec le centre de comp\u00e9tence de Richemont \u00e0 Lucerne, connu dans le monde entier, nous proposons depuis des ann\u00e9es des s\u00e9minaires sur la technique du froid dans la boulangerie.<\/p>\n<p>[\/et_pb_text][dsm_button button_one_text=\u00a0\u00bbContact\u00a0\u00bb button_one_url=\u00a0\u00bbhttps:\/\/www.kolbkaelte.ch\/fr\/contact\/\u00a0\u00bb button_two_text=\u00a0\u00bbEn savoir plus\u00a0\u00bb button_two_url=\u00a0\u00bb#section2&Prime; _builder_version=\u00a0\u00bb4.18.0&Prime; _module_preset=\u00a0\u00bb6e89adfc-dced-4668-9aa2-6537d9f9bb90&Prime; locked=\u00a0\u00bboff\u00a0\u00bb global_colors_info=\u00a0\u00bb{}\u00a0\u00bb][\/dsm_button][\/et_pb_column][et_pb_column type=\u00a0\u00bb1_2&Prime; _builder_version=\u00a0\u00bb4.16&Prime; _module_preset=\u00a0\u00bbdefault\u00a0\u00bb global_colors_info=\u00a0\u00bb{}\u00a0\u00bb][\/et_pb_column][\/et_pb_row][\/et_pb_section][et_pb_section fb_built=\u00a0\u00bb1&Prime; module_id=\u00a0\u00bbsection2&Prime; _builder_version=\u00a0\u00bb4.18.0&Prime; _module_preset=\u00a0\u00bbdefault\u00a0\u00bb background_color=\u00a0\u00bb#FFFFFF\u00a0\u00bb global_colors_info=\u00a0\u00bb{}\u00a0\u00bb][et_pb_row column_structure=\u00a0\u00bb2_3,1_3&Prime; _builder_version=\u00a0\u00bb4.18.0&Prime; _module_preset=\u00a0\u00bbdefault\u00a0\u00bb background_color=\u00a0\u00bb#74848c\u00a0\u00bb custom_padding=\u00a0\u00bb|30px||30px|false|true\u00a0\u00bb border_radii=\u00a0\u00bbon|7px|7px|7px|7px\u00a0\u00bb locked=\u00a0\u00bboff\u00a0\u00bb global_colors_info=\u00a0\u00bb{}\u00a0\u00bb][et_pb_column type=\u00a0\u00bb2_3&Prime; _builder_version=\u00a0\u00bb4.18.0&Prime; _module_preset=\u00a0\u00bbdefault\u00a0\u00bb global_colors_info=\u00a0\u00bb{}\u00a0\u00bb][et_pb_text _builder_version=\u00a0\u00bb4.18.0&Prime; _module_preset=\u00a0\u00bbdefault\u00a0\u00bb header_2_text_color=\u00a0\u00bb#FFFFFF\u00a0\u00bb custom_margin=\u00a0\u00bb||0vh||false|false\u00a0\u00bb global_colors_info=\u00a0\u00bb{}\u00a0\u00bb]<\/p>\n<h2>\u00c9v\u00e9nements<\/h2>\n<p>[\/et_pb_text][\/et_pb_column][et_pb_column type=\u00a0\u00bb1_3&Prime; _builder_version=\u00a0\u00bb4.18.0&Prime; _module_preset=\u00a0\u00bbdefault\u00a0\u00bb global_colors_info=\u00a0\u00bb{}\u00a0\u00bb][et_pb_button button_url=\u00a0\u00bbhttps:\/\/www.kolbkaelte.ch\/fr\/contact\/\u00a0\u00bb button_text=\u00a0\u00bbContact\u00a0\u00bb disabled_on=\u00a0\u00bbon|on|off\u00a0\u00bb _builder_version=\u00a0\u00bb4.18.0&Prime; _module_preset=\u00a0\u00bba5809975-4f47-4ab4-a5ca-b4c08c76188e\u00a0\u00bb custom_margin=\u00a0\u00bb0vh||||false|false\u00a0\u00bb global_colors_info=\u00a0\u00bb{}\u00a0\u00bb][\/et_pb_button][\/et_pb_column][\/et_pb_row][et_pb_row use_custom_gutter=\u00a0\u00bbon\u00a0\u00bb gutter_width=\u00a0\u00bb2&Prime; make_equal=\u00a0\u00bbon\u00a0\u00bb _builder_version=\u00a0\u00bb4.18.0&Prime; _module_preset=\u00a0\u00bbdefault\u00a0\u00bb locked=\u00a0\u00bboff\u00a0\u00bb global_colors_info=\u00a0\u00bb{}\u00a0\u00bb][et_pb_column type=\u00a0\u00bb4_4&Prime; _builder_version=\u00a0\u00bb4.17.3&Prime; _module_preset=\u00a0\u00bbdefault\u00a0\u00bb global_colors_info=\u00a0\u00bb{}\u00a0\u00bb][difl_contentcarousel item_desktop=\u00a0\u00bb2&Prime; item_tablet=\u00a0\u00bb1&Prime; loop=\u00a0\u00bbon\u00a0\u00bb arrow=\u00a0\u00bbon\u00a0\u00bb dots=\u00a0\u00bbon\u00a0\u00bb equal_height=\u00a0\u00bbon\u00a0\u00bb arrow_color=\u00a0\u00bb#ffffff\u00a0\u00bb arrow_background=\u00a0\u00bb#0e9cd9&Prime; arrow_position=\u00a0\u00bbbottom\u00a0\u00bb arrow_align=\u00a0\u00bbflex-start\u00a0\u00bb arrow_circle=\u00a0\u00bbon\u00a0\u00bb arrow_prev_margin=\u00a0\u00bb0px|16px|-67px||false|false\u00a0\u00bb arrow_next_margin=\u00a0\u00bb0px||-53px||false|false\u00a0\u00bb dots_color=\u00a0\u00bbrgba(14,156,217,0.26)\u00a0\u00bb active_dots_color=\u00a0\u00bbrgba(14,156,217,0.82)\u00a0\u00bb large_active_dot=\u00a0\u00bbon\u00a0\u00bb dots_align=\u00a0\u00bbright\u00a0\u00bb df_button_bg_bgcolor=\u00a0\u00bb#ffffff\u00a0\u00bb button_wrapper_margin=\u00a0\u00bb31px||||false|false\u00a0\u00bb button_padding=\u00a0\u00bb|50px||50px|false|true\u00a0\u00bb wrapper_padding=\u00a0\u00bb0px||26px||false|false\u00a0\u00bb item_wrapper_margin=\u00a0\u00bb0px||0px||false|false\u00a0\u00bb title_margin=\u00a0\u00bb35px||||false|false\u00a0\u00bb title_padding=\u00a0\u00bb|25px||25px|false|true\u00a0\u00bb content_padding=\u00a0\u00bb|25px|35px|25px|false|true\u00a0\u00bb _builder_version=\u00a0\u00bb4.21.0&Prime; _module_preset=\u00a0\u00bbdefault\u00a0\u00bb cc_title_font=\u00a0\u00bb|600|||||||\u00a0\u00bb cc_title_font_size=\u00a0\u00bb31px\u00a0\u00bb cc_subtitle_font=\u00a0\u00bbRoboto Condensed|300|||||||\u00a0\u00bb cc_subtitle_text_color=\u00a0\u00bb#ffffff\u00a0\u00bb cc_content_font=\u00a0\u00bb|300|||||||\u00a0\u00bb cc_content_font_size=\u00a0\u00bb16px\u00a0\u00bb df_content_inherit_font=\u00a0\u00bb|300|||||||\u00a0\u00bb button_text_color=\u00a0\u00bb#000000&Prime; border_radii=\u00a0\u00bbon|5px|5px|5px|5px\u00a0\u00bb border_color_top=\u00a0\u00bb#0e9cd9&Prime; border_color_right=\u00a0\u00bb#0e9cd9&Prime; border_color_bottom=\u00a0\u00bb#0e9cd9&Prime; border_color_left=\u00a0\u00bb#0e9cd9&Prime; border_radii_button=\u00a0\u00bbon|100px|100px|100px|100px\u00a0\u00bb border_width_all_button=\u00a0\u00bb6px\u00a0\u00bb border_color_all_button=\u00a0\u00bb#0c71c3&Prime; box_shadow_style_button=\u00a0\u00bbpreset3&Prime; box_shadow_color_button=\u00a0\u00bbrgba(0,0,0,0.29)\u00a0\u00bb global_colors_info=\u00a0\u00bb{}\u00a0\u00bb][difl_contentcarouselitem title=\u00a0\u00bbSeminare \u00fcber K\u00fchltechnologie mit Richemont\u00a0\u00bb df_cci_image=\u00a0\u00bbhttps:\/\/www.kolbkaelte.ch\/wp-content\/uploads\/2023\/07\/PATT_Seminar-13.jpg\u00a0\u00bb df_cci_use_icon=\u00a0\u00bboff\u00a0\u00bb df_cci_full_width=\u00a0\u00bbon\u00a0\u00bb cc_button_button_url_new_window=\u00a0\u00bb1&Prime; _builder_version=\u00a0\u00bb4.21.0&Prime; _module_preset=\u00a0\u00bbdefault\u00a0\u00bb background_enable_color=\u00a0\u00bboff\u00a0\u00bb background_enable_image=\u00a0\u00bboff\u00a0\u00bb border_width_all=\u00a0\u00bb3px\u00a0\u00bb border_color_all=\u00a0\u00bb#0e9cd9&Prime; global_colors_info=\u00a0\u00bb{}\u00a0\u00bb]<\/p>\n<p>In Kooperation mit dem weltbekannten Richemont Kompetenzzentrum in Luzern bieten wir seit Jahren Seminare \u00fcber K\u00e4ltetechnik in der B\u00e4ckerei. Experten zeigen praxisnah die technologischen Zusammenh\u00e4nge von Langzeitf\u00fchrung und unterschiedlichen K\u00fchltechnologien. Die international gebuchten Veranstaltungen, bei denen Fachleute die M\u00f6glichkeiten des Verfahrens anschaulich pr\u00e4sentieren, finden seit vielen Jahren grosssen Zuspruch. Nicht zuletzt, da sich die Inhalte an den neuesten Erkenntnissen und Trends orientieren.<\/p>\n<p>[\/difl_contentcarouselitem][difl_contentcarouselitem title=\u00a0\u00bb Entdecken Sie neue M\u00f6glichkeiten mit Langzeitf\u00fchrung und dem PATT Verfahren \u00a0\u00bb df_cci_image=\u00a0\u00bbhttps:\/\/www.kolbkaelte.ch\/wp-content\/uploads\/2023\/07\/PATT_Seminar-2n.jpg\u00a0\u00bb df_cci_use_icon=\u00a0\u00bboff\u00a0\u00bb df_cci_full_width=\u00a0\u00bbon\u00a0\u00bb cc_button_button_url_new_window=\u00a0\u00bb1&Prime; _builder_version=\u00a0\u00bb4.21.0&Prime; _module_preset=\u00a0\u00bbdefault\u00a0\u00bb background_enable_color=\u00a0\u00bboff\u00a0\u00bb background_enable_image=\u00a0\u00bboff\u00a0\u00bb border_width_all=\u00a0\u00bb3px\u00a0\u00bb border_color_all=\u00a0\u00bb#5dc5ed\u00a0\u00bb global_colors_info=\u00a0\u00bb{}\u00a0\u00bb]<\/p>\n<p>PATT ist unser spezialisiertes Verfahren f\u00fcr die Langzeitf\u00fchrung, mit dem Sie qualitativ hochwertige und besonders nat\u00fcrliche Produkte erzeugen k\u00f6nnen und jederzeit abbackbereite Produkte haben. In den Seminaren mit Richemont erkl\u00e4ren Experten das Verfahren und alles Wissenswerte rund um K\u00e4ltetechnik.<\/p>\n<p>[\/difl_contentcarouselitem][difl_contentcarouselitem title=\u00a0\u00bbHoher Praxisbezug und Austausch unter Kollegen\u00a0\u00bb df_cci_image=\u00a0\u00bbhttps:\/\/www.kolbkaelte.ch\/wp-content\/uploads\/2023\/07\/PATT_Seminar-4.jpg\u00a0\u00bb df_cci_use_icon=\u00a0\u00bboff\u00a0\u00bb df_cci_full_width=\u00a0\u00bbon\u00a0\u00bb cc_button_button_url_new_window=\u00a0\u00bb1&Prime; _builder_version=\u00a0\u00bb4.21.0&Prime; _module_preset=\u00a0\u00bbdefault\u00a0\u00bb background_enable_color=\u00a0\u00bboff\u00a0\u00bb background_enable_image=\u00a0\u00bboff\u00a0\u00bb border_width_all=\u00a0\u00bb3px\u00a0\u00bb border_color_all=\u00a0\u00bb#c9e8f7&Prime; global_colors_info=\u00a0\u00bb{}\u00a0\u00bb]<\/p>\n<p>Mit dem starken Praxisbezug k\u00f6nnen Sie das neue Wissen umgehend im eigenen Betrieb anwenden. Denn in den Vortr\u00e4gen geht es auch um verwandte Themen wie Rohstoffe, Rezepturen, Teigruhe, Kneten und Backen. Wir f\u00f6rdern dar\u00fcber hinaus den offenen und kollegialen Austausch mit Fachleuten und Kollegen. Die Teilnehmer best\u00e4tigen in ihrem Feedback auch immer wieder den echten Mehrwert der Veranstaltungen.<\/p>\n<p>Wir freuen uns darauf, Sie im n\u00e4chsten Seminar begr\u00fcssen zu d\u00fcrfen!<\/p>\n<p>[\/difl_contentcarouselitem][\/difl_contentcarousel][\/et_pb_column][\/et_pb_row][\/et_pb_section][et_pb_section fb_built=\u00a0\u00bb1&Prime; _builder_version=\u00a0\u00bb4.18.0&Prime; _module_preset=\u00a0\u00bbdefault\u00a0\u00bb background_color=\u00a0\u00bb#009ee0&Prime; background_image=\u00a0\u00bbhttps:\/\/kolbkaelte.ch\/wp-content\/uploads\/2022\/10\/Kolb-Kaelte-Seminar-Termine.png\u00a0\u00bb background_last_edited=\u00a0\u00bbon|phone\u00a0\u00bb background_enable_image_tablet=\u00a0\u00bboff\u00a0\u00bb locked=\u00a0\u00bboff\u00a0\u00bb global_colors_info=\u00a0\u00bb{}\u00a0\u00bb][et_pb_row column_structure=\u00a0\u00bb1_2,1_2&Prime; _builder_version=\u00a0\u00bb4.17.3&Prime; _module_preset=\u00a0\u00bbdefault\u00a0\u00bb global_colors_info=\u00a0\u00bb{}\u00a0\u00bb][et_pb_column type=\u00a0\u00bb1_2&Prime; _builder_version=\u00a0\u00bb4.17.3&Prime; _module_preset=\u00a0\u00bbdefault\u00a0\u00bb global_colors_info=\u00a0\u00bb{}\u00a0\u00bb][et_pb_text _builder_version=\u00a0\u00bb4.27.4&Prime; _module_preset=\u00a0\u00bbdefault\u00a0\u00bb text_font=\u00a0\u00bb||||||||\u00a0\u00bb text_text_color=\u00a0\u00bb#FFFFFF\u00a0\u00bb link_font=\u00a0\u00bb|700|||||||\u00a0\u00bb link_text_color=\u00a0\u00bb#ffffff\u00a0\u00bb header_2_text_color=\u00a0\u00bb#FFFFFF\u00a0\u00bb hover_enabled=\u00a0\u00bb0&Prime; global_colors_info=\u00a0\u00bb{}\u00a0\u00bb sticky_enabled=\u00a0\u00bb0&Prime;]<\/p>\n<h2>Prochaines dates<\/h2>\n<p>Conduite des p\u00e2tes avec diff\u00e9rentes technologies de refroidissement<\/p>\n<p><strong>4 mars 2026<br \/>11 novembre 2026<\/strong><strong><\/strong><\/p>\n<p>Lieu et direction du cours : Centre de comp\u00e9tence Richemont, Lucerne<\/p>\n<p><span>Ces s\u00e9minaires sont souvent complets tr\u00e8s rapidement. Si vous \u00eates int\u00e9ress\u00e9(e), il est pr\u00e9f\u00e9rable de vous inscrire sans tarder.<\/span><\/p>\n<p>[\/et_pb_text][dsm_button button_one_text=\u00a0\u00bbInscription\u00a0\u00bb button_one_url=\u00a0\u00bbhttps:\/\/www.kolbkaelte.ch\/wp-content\/uploads\/2025\/11\/Anmeldung_FR_PATT_2026.pdf\u00a0\u00bb button_one_url_new_window=\u00a0\u00bbon\u00a0\u00bb button_two_text=\u00a0\u00bbProgramme des s\u00e9minaires\u00a0\u00bb button_two_url=\u00a0\u00bbhttps:\/\/www.kolbkaelte.ch\/wp-content\/uploads\/2023\/12\/PATT-Programm_FR.pdf\u00a0\u00bb button_two_url_new_window=\u00a0\u00bbon\u00a0\u00bb _builder_version=\u00a0\u00bb4.27.4&Prime; _module_preset=\u00a0\u00bb6e89adfc-dced-4668-9aa2-6537d9f9bb90&Prime; hover_enabled=\u00a0\u00bb0&Prime; locked=\u00a0\u00bboff\u00a0\u00bb global_colors_info=\u00a0\u00bb{}\u00a0\u00bb sticky_enabled=\u00a0\u00bb0&Prime;][\/dsm_button][\/et_pb_column][et_pb_column type=\u00a0\u00bb1_2&Prime; _builder_version=\u00a0\u00bb4.17.3&Prime; _module_preset=\u00a0\u00bbdefault\u00a0\u00bb global_colors_info=\u00a0\u00bb{}\u00a0\u00bb][et_pb_divider divider_weight=\u00a0\u00bb0px\u00a0\u00bb disabled_on=\u00a0\u00bboff|off|on\u00a0\u00bb _builder_version=\u00a0\u00bb4.18.0&Prime; _module_preset=\u00a0\u00bbdefault\u00a0\u00bb background_image=\u00a0\u00bbhttps:\/\/kolbkaelte.ch\/wp-content\/uploads\/2022\/10\/closeup-computer-laptop-screen-showing-calenda-with-date-month-scaled.jpg\u00a0\u00bb height_tablet=\u00a0\u00bb40vh\u00a0\u00bb height_phone=\u00a0\u00bb40vh\u00a0\u00bb height_last_edited=\u00a0\u00bbon|desktop\u00a0\u00bb custom_margin_tablet=\u00a0\u00bb50px||||false|false\u00a0\u00bb custom_margin_phone=\u00a0\u00bb50px||||false|false\u00a0\u00bb custom_margin_last_edited=\u00a0\u00bbon|tablet\u00a0\u00bb border_radii=\u00a0\u00bbon|7px|7px|7px|7px\u00a0\u00bb global_colors_info=\u00a0\u00bb{}\u00a0\u00bb][\/et_pb_divider][\/et_pb_column][\/et_pb_row][\/et_pb_section]<\/p>\n","protected":false},"excerpt":{"rendered":"<p>\u00c9v\u00e9nements En coop\u00e9ration avec le centre de comp\u00e9tence de Richemont \u00e0 Lucerne, connu dans le monde entier, nous proposons depuis des ann\u00e9es des s\u00e9minaires sur la technique du froid dans la boulangerie.<div class=\"et_pb_module dsm_button dsm_button_0 et_pb_bg_layout_light\">\n\t\t\t\t\n\t\t\t\t\n\t\t\t\t\n\t\t\t\t\n\t\t\t\t\n\t\t\t\t\n\t\t\t\t<div class=\"et_pb_module_inner\">\n\t\t\t\t\t<div class=\"et_pb_button_module_wrappers dsm_button_0_wrapper  et_pb_module\">\n\t\t\t\t<a class=\"et_pb_button et_pb_button_one et_pb_bg_layout_light dsm-none \"  href=https:\/\/www.kolbkaelte.ch\/fr\/contact\/ data-dsm-lightbox-id=\"dsm_button_one_lightbox dsm_button_0\"><span>Contact<\/span><\/a><a class=\"et_pb_button et_pb_button_two et_pb_custom_button_icon et_pb_bg_layout_light dsm-none \"  href=#section2 data-icon=\"&#x24;\" data-dsm-lightbox-id=\"dsm_button_two_lightbox dsm_button_0\"><span>En savoir plus<\/span><\/a>\n\t\t\t<\/div>\n\t\t\t\t<\/div>\n\t\t\t<\/div>\u00c9v\u00e9nements<div class=\"et_pb_with_border et_pb_module difl_contentcarousel difl_contentcarousel_0\">\n\t\t\t\t\n\t\t\t\t\n\t\t\t\t\n\t\t\t\t\n\t\t\t\t\n\t\t\t\t\n\t\t\t\t<div class=\"et_pb_module_inner\">\n\t\t\t\t\t<h2 style=\"background:#eee; padding: 10px 20px;\">Please <strong>Add New Item<\/strong> to continue<\/h2>\n\t\t\t\t<\/div>\n\t\t\t<\/div><div class=\"et_pb_with_border et_pb_module difl_contentcarouselitem difl_contentcarouselitem_0 swiper-slide\">\n\t\t\t\t\n\t\t\t\t\n\t\t\t\t\n\t\t\t\t\n\t\t\t\t\n\t\t\t\t\n\t\t\t\t<div class=\"et_pb_module_inner\">\n\t\t\t\t\t\r\n            <div class=\"df_cci_container\" data-src=\"https:\/\/www.kolbkaelte.ch\/wp-content\/uploads\/2023\/07\/PATT_Seminar-13.jpg\" >\r\n                \r\n                <div class=\"df_cci_image_container\" data-src=\"https:\/\/www.kolbkaelte.ch\/wp-content\/uploads\/2023\/07\/PATT_Seminar-13.jpg\" >\r\n                    <img decoding=\"async\" class=\"df_cci_image\" alt=\"\" src=\"https:\/\/www.kolbkaelte.ch\/wp-content\/uploads\/2023\/07\/PATT_Seminar-13.jpg\" \/>\r\n                <\/div><h4 class=\"df_cc_title\">Seminare \u00fcber K\u00fchltechnologie mit Richemont<\/h4><div class=\"df_cc_content\">In Kooperation mit dem weltbekannten Richemont Kompetenzzentrum in Luzern bieten wir seit Jahren Seminare \u00fcber K\u00e4ltetechnik in der B\u00e4ckerei. Experten zeigen praxisnah die technologischen Zusammenh\u00e4nge von Langzeitf\u00fchrung und unterschiedlichen K\u00fchltechnologien. Die international gebuchten Veranstaltungen, bei denen Fachleute die M\u00f6glichkeiten des Verfahrens anschaulich pr\u00e4sentieren, finden seit vielen Jahren grosssen Zuspruch. Nicht zuletzt, da sich die Inhalte an den neuesten Erkenntnissen und Trends orientieren.<\/div>\r\n            <\/div>\n\t\t\t\t<\/div>\n\t\t\t<\/div><div class=\"et_pb_with_border et_pb_module difl_contentcarouselitem difl_contentcarouselitem_1 swiper-slide\">\n\t\t\t\t\n\t\t\t\t\n\t\t\t\t\n\t\t\t\t\n\t\t\t\t\n\t\t\t\t\n\t\t\t\t<div class=\"et_pb_module_inner\">\n\t\t\t\t\t\r\n            <div class=\"df_cci_container\" data-src=\"https:\/\/www.kolbkaelte.ch\/wp-content\/uploads\/2023\/07\/PATT_Seminar-2n.jpg\" >\r\n                \r\n                <div class=\"df_cci_image_container\" data-src=\"https:\/\/www.kolbkaelte.ch\/wp-content\/uploads\/2023\/07\/PATT_Seminar-2n.jpg\" >\r\n                    <img decoding=\"async\" class=\"df_cci_image\" alt=\"\" src=\"https:\/\/www.kolbkaelte.ch\/wp-content\/uploads\/2023\/07\/PATT_Seminar-2n.jpg\" \/>\r\n                <\/div><h4 class=\"df_cc_title\"> Entdecken Sie neue M\u00f6glichkeiten mit Langzeitf\u00fchrung und dem PATT Verfahren <\/h4>\r\n            <\/div>\n\t\t\t\t<\/div>\n\t\t\t<\/div>PATT ist unser spezialisiertes Verfahren f\u00fcr die Langzeitf\u00fchrung, mit dem Sie qualitativ [&hellip;]<\/p>\n","protected":false},"author":1,"featured_media":0,"parent":0,"menu_order":0,"comment_status":"closed","ping_status":"closed","template":"","meta":{"_et_pb_use_builder":"on","_et_pb_old_content":"","_et_gb_content_width":"","inline_featured_image":false,"footnotes":""},"difl_page_category":[],"class_list":["post-459806","page","type-page","status-publish","hentry"],"_links":{"self":[{"href":"https:\/\/www.kolbkaelte.ch\/fr\/wp-json\/wp\/v2\/pages\/459806","targetHints":{"allow":["GET"]}}],"collection":[{"href":"https:\/\/www.kolbkaelte.ch\/fr\/wp-json\/wp\/v2\/pages"}],"about":[{"href":"https:\/\/www.kolbkaelte.ch\/fr\/wp-json\/wp\/v2\/types\/page"}],"author":[{"embeddable":true,"href":"https:\/\/www.kolbkaelte.ch\/fr\/wp-json\/wp\/v2\/users\/1"}],"replies":[{"embeddable":true,"href":"https:\/\/www.kolbkaelte.ch\/fr\/wp-json\/wp\/v2\/comments?post=459806"}],"version-history":[{"count":36,"href":"https:\/\/www.kolbkaelte.ch\/fr\/wp-json\/wp\/v2\/pages\/459806\/revisions"}],"predecessor-version":[{"id":461139,"href":"https:\/\/www.kolbkaelte.ch\/fr\/wp-json\/wp\/v2\/pages\/459806\/revisions\/461139"}],"wp:attachment":[{"href":"https:\/\/www.kolbkaelte.ch\/fr\/wp-json\/wp\/v2\/media?parent=459806"}],"wp:term":[{"taxonomy":"difl_page_category","embeddable":true,"href":"https:\/\/www.kolbkaelte.ch\/fr\/wp-json\/wp\/v2\/difl_page_category?post=459806"}],"curies":[{"name":"wp","href":"https:\/\/api.w.org\/{rel}","templated":true}]}}