{"id":459830,"date":"2022-10-11T16:01:13","date_gmt":"2022-10-11T14:01:13","guid":{"rendered":"https:\/\/www.kolbkaelte.ch\/accueil\/"},"modified":"2025-06-02T12:57:59","modified_gmt":"2025-06-02T10:57:59","slug":"accueil","status":"publish","type":"page","link":"https:\/\/www.kolbkaelte.ch\/fr\/","title":{"rendered":"Accueil"},"content":{"rendered":"<p>[et_pb_section fb_built=\u00a0\u00bb1&Prime; fullwidth=\u00a0\u00bbon\u00a0\u00bb _builder_version=\u00a0\u00bb4.18.0&Prime; _module_preset=\u00a0\u00bbdefault\u00a0\u00bb locked=\u00a0\u00bboff\u00a0\u00bb global_colors_info=\u00a0\u00bb{}\u00a0\u00bb][et_pb_fullwidth_slider _builder_version=\u00a0\u00bb4.19.0&Prime; _module_preset=\u00a0\u00bbdefault\u00a0\u00bb header_level=\u00a0\u00bbh1&Prime; header_font=\u00a0\u00bb|600||on|||||\u00a0\u00bb header_text_color=\u00a0\u00bb#74848c\u00a0\u00bb header_font_size=\u00a0\u00bb3vw\u00a0\u00bb body_font_size=\u00a0\u00bb16px\u00a0\u00bb custom_button=\u00a0\u00bbon\u00a0\u00bb button_text_size=\u00a0\u00bb18px\u00a0\u00bb button_bg_color=\u00a0\u00bb#5c5c5c\u00a0\u00bb button_border_radius=\u00a0\u00bb5px\u00a0\u00bb button_use_icon=\u00a0\u00bboff\u00a0\u00bb button_custom_padding=\u00a0\u00bb|35px||35px|false|true\u00a0\u00bb min_height=\u00a0\u00bb78vh\u00a0\u00bb header_font_size_tablet=\u00a0\u00bb40px\u00a0\u00bb header_font_size_phone=\u00a0\u00bb30px\u00a0\u00bb header_font_size_last_edited=\u00a0\u00bbon|tablet\u00a0\u00bb custom_css_main_element=\u00a0\u00bbbackground:\u00a0\u00bb header_text_shadow_style=\u00a0\u00bbpreset1&Prime; header_text_shadow_color=\u00a0\u00bbRGBA(255,255,255,0)\u00a0\u00bb body_text_shadow_style=\u00a0\u00bbpreset1&Prime; body_text_shadow_color=\u00a0\u00bbRGBA(255,255,255,0)\u00a0\u00bb global_colors_info=\u00a0\u00bb{}\u00a0\u00bb button_bg_color__hover_enabled=\u00a0\u00bbon|hover\u00a0\u00bb button_bg_color__hover=\u00a0\u00bb#7d7d7d\u00a0\u00bb button_bg_enable_color__hover=\u00a0\u00bbon\u00a0\u00bb][et_pb_slide heading=\u00a0\u00bbTout l&rsquo;univers de la r\u00e9frig\u00e9ration pour votre boulangerie\u00a0\u00bb button_text=\u00a0\u00bbAper\u00e7u des produits\u00a0\u00bb button_link=\u00a0\u00bbhttps:\/\/www.kolbkaelte.ch\/fr\/tous-les-produits\/\u00a0\u00bb image=\u00a0\u00bbhttps:\/\/kolbkaelte.ch\/wp-content\/uploads\/2022\/04\/Kolbkaelte-Logo-landing-2.svg\u00a0\u00bb image_tablet=\u00a0\u00bb\u00a0\u00bb image_phone=\u00a0\u00bb\u00a0\u00bb image_last_edited=\u00a0\u00bbon|tablet\u00a0\u00bb _builder_version=\u00a0\u00bb4.19.0&Prime; _module_preset=\u00a0\u00bbdefault\u00a0\u00bb header_level=\u00a0\u00bbh1&Prime; header_text_color=\u00a0\u00bb#5c5c5c\u00a0\u00bb header_font_size=\u00a0\u00bb2vw\u00a0\u00bb body_text_color=\u00a0\u00bb#5c5c5c\u00a0\u00bb background_enable_color=\u00a0\u00bboff\u00a0\u00bb background_image=\u00a0\u00bbhttps:\/\/kolbkaelte.ch\/wp-content\/uploads\/2022\/04\/shutterstock_250354114.jpg\u00a0\u00bb background_enable_image=\u00a0\u00bbon\u00a0\u00bb custom_padding=\u00a0\u00bb6vh||6vh||true|false\u00a0\u00bb child_filter_opacity=\u00a0\u00bb0%\u00a0\u00bb header_font_size_tablet=\u00a0\u00bb5vw\u00a0\u00bb header_font_size_phone=\u00a0\u00bb5vw\u00a0\u00bb header_font_size_last_edited=\u00a0\u00bbon|phone\u00a0\u00bb custom_css_slide_description=\u00a0\u00bbbackground:rgba(255,255,255,0.55);||border-radius: 8px;||padding-left: 20px;||padding-right: 20px;\u00a0\u00bb global_colors_info=\u00a0\u00bb{}\u00a0\u00bb sticky_transition=\u00a0\u00bbon\u00a0\u00bb]<\/p>\n<div class=\"et_pb_slide_content\">\n<p>Nous sommes sp\u00e9cialis\u00e9s dans la qualit\u00e9 optimale des produits gr\u00e2ce au froid: des automates, retardateurs ou interrupteurs de fermentation aux cong\u00e9lateurs et surg\u00e9lateurs rapides. Et avec notre syst\u00e8me r\u00e9volutionnaire Patt, nous proposons le refroidissement qui m\u00e9nage le mieux vos p\u00e2tons.<\/p>\n<\/div>\n<p>[\/et_pb_slide][et_pb_slide heading=\u00a0\u00bbAutomate de fermentation \/ PATT inside\u00a0\u00bb button_text=\u00a0\u00bbVers le produit\u00a0\u00bb button_link=\u00a0\u00bbhttps:\/\/www.kolbkaelte.ch\/fr\/automate-de-fermentation-patt\/\u00a0\u00bb image=\u00a0\u00bbhttps:\/\/kolbkaelte.ch\/wp-content\/uploads\/2022\/04\/Kolbkaelte-Logo-landing-4.svg\u00a0\u00bb _builder_version=\u00a0\u00bb4.19.0&Prime; _module_preset=\u00a0\u00bbdefault\u00a0\u00bb header_level=\u00a0\u00bbh2&Prime; header_text_color=\u00a0\u00bb#5c5c5c\u00a0\u00bb header_font_size=\u00a0\u00bb2vw\u00a0\u00bb body_text_color=\u00a0\u00bb#5c5c5c\u00a0\u00bb background_color=\u00a0\u00bb#74848c\u00a0\u00bb background_enable_color=\u00a0\u00bbon\u00a0\u00bb background_image=\u00a0\u00bbhttps:\/\/kolbkaelte.ch\/wp-content\/uploads\/2022\/10\/Kolb-Kaelte_Kaeltetechnik_Kuehlung_Backwaren_Brot_5.jpg\u00a0\u00bb background_enable_image=\u00a0\u00bbon\u00a0\u00bb custom_padding=\u00a0\u00bb6vh||6vh||true|false\u00a0\u00bb header_font_size_tablet=\u00a0\u00bb4vw\u00a0\u00bb header_font_size_phone=\u00a0\u00bb5vw\u00a0\u00bb header_font_size_last_edited=\u00a0\u00bbon|phone\u00a0\u00bb custom_css_slide_description=\u00a0\u00bbbackground:rgba(255,255,255,0.90);||border-radius: 8px;||padding: 25px;\u00a0\u00bb global_colors_info=\u00a0\u00bb{}\u00a0\u00bb sticky_transition=\u00a0\u00bbon\u00a0\u00bb]<\/p>\n<div class=\"et_pb_slide_content\">\n<p>Notre multitalent : PATT\u00ae a r\u00e9volutionn\u00e9 les processus dans les fournils. Le<span style=\"font-size: 16px;\"> proc\u00e9d\u00e9 sp\u00e9cialis\u00e9 de cuisson longue dur\u00e9e vous permet de produire des produits de boulangerie de grande qualit\u00e9 et particuli\u00e8rement naturels.<br \/>Du pain et des p\u00e2tisseries frais d&rsquo;excellente qualit\u00e9 &#8211; pr\u00eats \u00e0 cuire \u00e0 tout moment.<\/span><\/p>\n<\/div>\n<p>[\/et_pb_slide][\/et_pb_fullwidth_slider][\/et_pb_section][et_pb_section fb_built=\u00a0\u00bb1&Prime; custom_padding_last_edited=\u00a0\u00bbon|desktop\u00a0\u00bb disabled_on=\u00a0\u00bboff|off|off\u00a0\u00bb _builder_version=\u00a0\u00bb4.18.0&Prime; _module_preset=\u00a0\u00bbdefault\u00a0\u00bb background_enable_image=\u00a0\u00bboff\u00a0\u00bb background_position=\u00a0\u00bbcenter_left\u00a0\u00bb custom_padding_tablet=\u00a0\u00bb90px||30px||false|false\u00a0\u00bb custom_padding_phone=\u00a0\u00bb70px||30px||false|false\u00a0\u00bb background_last_edited=\u00a0\u00bbon|tablet\u00a0\u00bb background_enable_image_tablet=\u00a0\u00bboff\u00a0\u00bb locked=\u00a0\u00bboff\u00a0\u00bb global_colors_info=\u00a0\u00bb{}\u00a0\u00bb][et_pb_row column_structure=\u00a0\u00bb3_5,2_5&Prime; _builder_version=\u00a0\u00bb4.16&Prime; _module_preset=\u00a0\u00bbdefault\u00a0\u00bb custom_padding=\u00a0\u00bb||0px|||\u00a0\u00bb locked=\u00a0\u00bboff\u00a0\u00bb global_colors_info=\u00a0\u00bb{}\u00a0\u00bb][et_pb_column type=\u00a0\u00bb3_5&Prime; _builder_version=\u00a0\u00bb4.16&Prime; _module_preset=\u00a0\u00bbdefault\u00a0\u00bb global_colors_info=\u00a0\u00bb{}\u00a0\u00bb][et_pb_text _builder_version=\u00a0\u00bb4.19.0&Prime; _module_preset=\u00a0\u00bbdefault\u00a0\u00bb global_colors_info=\u00a0\u00bb{}\u00a0\u00bb]<\/p>\n<h2>5 raisons du succ\u00e8s avec la technique du froid<\/h2>\n<p>[\/et_pb_text][et_pb_blurb image=\u00a0\u00bbhttps:\/\/kolbkaelte.ch\/wp-content\/uploads\/2022\/05\/1-pfeil.svg\u00a0\u00bb _builder_version=\u00a0\u00bb4.18.0&Prime; _module_preset=\u00a0\u00bbc28a717d-07f9-490e-9a33-3a60c8353415&Prime; image_max_width=\u00a0\u00bb27px\u00a0\u00bb locked=\u00a0\u00bboff\u00a0\u00bb global_colors_info=\u00a0\u00bb{}\u00a0\u00bb]<\/p>\n<p>Meilleure qualit\u00e9 des produits gr\u00e2ce \u00e0 des processus reproductibles, des ar\u00f4mes plus intenses et une conservation plus longue de la fra\u00eecheur gr\u00e2ce \u00e0 la longue maturation<\/p>\n<p>[\/et_pb_blurb][et_pb_blurb image=\u00a0\u00bbhttps:\/\/kolbkaelte.ch\/wp-content\/uploads\/2022\/05\/2-pfeil.svg\u00a0\u00bb _builder_version=\u00a0\u00bb4.18.0&Prime; _module_preset=\u00a0\u00bbc28a717d-07f9-490e-9a33-3a60c8353415&Prime; image_max_width=\u00a0\u00bb27px\u00a0\u00bb locked=\u00a0\u00bboff\u00a0\u00bb global_colors_info=\u00a0\u00bb{}\u00a0\u00bb]<\/p>\n<p>Optimisation du processus dans le fournil gr\u00e2ce \u00e0 un stockage stable des p\u00e2tons et \u00e0 la r\u00e9duction du travail de nuit<\/p>\n<p>[\/et_pb_blurb][et_pb_blurb image=\u00a0\u00bbhttps:\/\/kolbkaelte.ch\/wp-content\/uploads\/2022\/05\/3-pfeil.svg\u00a0\u00bb _builder_version=\u00a0\u00bb4.18.0&Prime; _module_preset=\u00a0\u00bbc28a717d-07f9-490e-9a33-3a60c8353415&Prime; image_max_width=\u00a0\u00bb27px\u00a0\u00bb locked=\u00a0\u00bboff\u00a0\u00bb global_colors_info=\u00a0\u00bb{}\u00a0\u00bb]<\/p>\n<p>Plus facile \u00e0 dig\u00e9rer gr\u00e2ce \u00e0 une maturation lente en douceur<\/p>\n<p>[\/et_pb_blurb][et_pb_blurb image=\u00a0\u00bbhttps:\/\/kolbkaelte.ch\/wp-content\/uploads\/2022\/05\/4-pfeil.svg\u00a0\u00bb _builder_version=\u00a0\u00bb4.18.0&Prime; _module_preset=\u00a0\u00bbc28a717d-07f9-490e-9a33-3a60c8353415&Prime; image_max_width=\u00a0\u00bb27px\u00a0\u00bb locked=\u00a0\u00bboff\u00a0\u00bb global_colors_info=\u00a0\u00bb{}\u00a0\u00bb]<\/p>\n<p>Ready to bake: plus grande disponibilit\u00e9 des produits de boulangerie dans le fournil et les magasins et cuisson imm\u00e9diate des p\u00e2tons<\/p>\n<p>[\/et_pb_blurb][et_pb_blurb image=\u00a0\u00bbhttps:\/\/kolbkaelte.ch\/wp-content\/uploads\/2022\/05\/5-pfeil.svg\u00a0\u00bb _builder_version=\u00a0\u00bb4.18.0&Prime; _module_preset=\u00a0\u00bbc28a717d-07f9-490e-9a33-3a60c8353415&Prime; image_max_width=\u00a0\u00bb27px\u00a0\u00bb locked=\u00a0\u00bboff\u00a0\u00bb global_colors_info=\u00a0\u00bb{}\u00a0\u00bb]<\/p>\n<p>Durabilit\u00e9 gr\u00e2ce au refroidissement avec le CO<sub>2<\/sub> comme r\u00e9frig\u00e9rant naturel et \u00e0 la r\u00e9utilisation de l\u2019\u00e9nergie gr\u00e2ce \u00e0 la r\u00e9cup\u00e9ration de chaleur<\/p>\n<p>[\/et_pb_blurb][\/et_pb_column][et_pb_column type=\u00a0\u00bb2_5&Prime; _builder_version=\u00a0\u00bb4.16&Prime; _module_preset=\u00a0\u00bbdefault\u00a0\u00bb global_colors_info=\u00a0\u00bb{}\u00a0\u00bb][et_pb_image src=\u00a0\u00bbhttps:\/\/kolbkaelte.ch\/wp-content\/uploads\/2022\/10\/Kolb-Kaelte-Backwaren.png\u00a0\u00bb title_text=\u00a0\u00bbKolb Kaelte &#8211; Produits de boulangerie\u00a0\u00bb _builder_version=\u00a0\u00bb4.18.0&Prime; _module_preset=\u00a0\u00bbdefault\u00a0\u00bb global_colors_info=\u00a0\u00bb{}\u00a0\u00bb][\/et_pb_image][\/et_pb_column][\/et_pb_row][\/et_pb_section][et_pb_section fb_built=\u00a0\u00bb1&Prime; _builder_version=\u00a0\u00bb4.18.0&Prime; _module_preset=\u00a0\u00bbdefault\u00a0\u00bb background_color=\u00a0\u00bb#f7f7f7&Prime; global_colors_info=\u00a0\u00bb{}\u00a0\u00bb][et_pb_row column_structure=\u00a0\u00bb1_2,1_2&Prime; _builder_version=\u00a0\u00bb4.18.0&Prime; _module_preset=\u00a0\u00bbdefault\u00a0\u00bb global_colors_info=\u00a0\u00bb{}\u00a0\u00bb][et_pb_column type=\u00a0\u00bb1_2&Prime; _builder_version=\u00a0\u00bb4.18.0&Prime; _module_preset=\u00a0\u00bbdefault\u00a0\u00bb global_colors_info=\u00a0\u00bb{}\u00a0\u00bb][et_pb_text _builder_version=\u00a0\u00bb4.18.0&Prime; _module_preset=\u00a0\u00bbdefault\u00a0\u00bb link_font=\u00a0\u00bb||||on||||\u00a0\u00bb link_text_color=\u00a0\u00bb#009ee0&Prime; global_colors_info=\u00a0\u00bb{}\u00a0\u00bb]<\/p>\n<h2>Pionniers du froid dans la boulangerie<\/h2>\n<p>Depuis plus de 35 ans, nous d\u00e9veloppons, planifions, construisons et installons avec succ\u00e8s des solutions de r\u00e9frig\u00e9ration et d\u2019\u00e9conomie d\u2019\u00e9nergie pour les boulangeries commerciales et industrielles. Nous avons fait partie des premiers fournisseurs dans ce domaine et avons r\u00e9alis\u00e9 de nombreux projets internationaux avec nos clients. Cette exp\u00e9rience fait de nous l\u2019un des principaux fabricants de techniques de r\u00e9frig\u00e9ration pour les boulangeries et les p\u00e2tisseries.<\/p>\n<p>Notre sp\u00e9cialisation dans les solutions de r\u00e9frig\u00e9ration a un avantage \u00e9vident pour vous : nous \u00e9tudions votre processus de production dans les moindres d\u00e9tails, des mati\u00e8res premi\u00e8res au produit fini en passant par le traitement de la p\u00e2te. Avec nous, vous obtenez donc une installation sur mesure avec une excellente qualit\u00e9 de finition.<\/p>\n<p>[\/et_pb_text][et_pb_button button_url=\u00a0\u00bb\/wp-content\/uploads\/2022\/10\/Kolb-Kaelte_Gesamt_web-1.pdf\u00a0\u00bb button_text=\u00a0\u00bbBrochure\u00a0\u00bb _builder_version=\u00a0\u00bb4.18.0&Prime; _module_preset=\u00a0\u00bbec42fcd1-1bfc-4711-b79e-d9b47789bf23&Prime; global_colors_info=\u00a0\u00bb{}\u00a0\u00bb][\/et_pb_button][\/et_pb_column][et_pb_column type=\u00a0\u00bb1_2&Prime; _builder_version=\u00a0\u00bb4.18.0&Prime; _module_preset=\u00a0\u00bbdefault\u00a0\u00bb background_enable_image=\u00a0\u00bboff\u00a0\u00bb background_video_mp4=\u00a0\u00bbhttps:\/\/kolbkaelte.ch\/wp-content\/uploads\/2022\/10\/Kolb-Kaelte_Impressionen_Thurbeck.mp4&Prime; custom_css_main_element=\u00a0\u00bb display: flex;||    align-items: center;||    flex-direction: column;||    justify-content: center;\u00a0\u00bb border_radii=\u00a0\u00bbon|7px|7px|7px|7px\u00a0\u00bb global_colors_info=\u00a0\u00bb{}\u00a0\u00bb][et_pb_divider divider_weight=\u00a0\u00bb0px\u00a0\u00bb _builder_version=\u00a0\u00bb4.18.0&Prime; _module_preset=\u00a0\u00bbdefault\u00a0\u00bb width=\u00a0\u00bb100%\u00a0\u00bb height=\u00a0\u00bb400px\u00a0\u00bb height_tablet=\u00a0\u00bb40vh\u00a0\u00bb height_phone=\u00a0\u00bb35vh\u00a0\u00bb height_last_edited=\u00a0\u00bbon|phone\u00a0\u00bb global_colors_info=\u00a0\u00bb{}\u00a0\u00bb][\/et_pb_divider][\/et_pb_column][\/et_pb_row][et_pb_row column_structure=\u00a0\u00bb1_3,1_3,1_3&Prime; use_custom_gutter=\u00a0\u00bbon\u00a0\u00bb gutter_width=\u00a0\u00bb2&Prime; _builder_version=\u00a0\u00bb4.18.0&Prime; background_enable_color=\u00a0\u00bboff\u00a0\u00bb custom_margin=\u00a0\u00bb||||false|false\u00a0\u00bb custom_padding=\u00a0\u00bb0px|5px|20px|5px|false|true\u00a0\u00bb animation_style=\u00a0\u00bbzoom\u00a0\u00bb border_radii=\u00a0\u00bbon|7px|7px|7px|7px\u00a0\u00bb locked=\u00a0\u00bboff\u00a0\u00bb global_colors_info=\u00a0\u00bb{}\u00a0\u00bb][et_pb_column type=\u00a0\u00bb1_3&Prime; _builder_version=\u00a0\u00bb4.17.3&Prime; background_color=\u00a0\u00bb#FFFFFF\u00a0\u00bb custom_padding=\u00a0\u00bb15px||15px||true|false\u00a0\u00bb border_radii=\u00a0\u00bbon|7px|7px|7px|7px\u00a0\u00bb box_shadow_style=\u00a0\u00bbpreset1&Prime; box_shadow_color=\u00a0\u00bbrgba(0,0,0,0.09)\u00a0\u00bb global_colors_info=\u00a0\u00bb{}\u00a0\u00bb parallax__hover=\u00a0\u00bboff\u00a0\u00bb parallax_method__hover=\u00a0\u00bbon\u00a0\u00bb custom_padding__hover=\u00a0\u00bb|||\u00a0\u00bb][et_pb_number_counter title=\u00a0\u00bbprojets r\u00e9ussis\u00a0\u00bb number=\u00a0\u00bb2000+\u00a0\u00bb percent_sign=\u00a0\u00bboff\u00a0\u00bb _builder_version=\u00a0\u00bb4.18.0&Prime; title_font=\u00a0\u00bb||||||||\u00a0\u00bb title_text_align=\u00a0\u00bbcenter\u00a0\u00bb title_text_color=\u00a0\u00bb#000000&Prime; title_font_size=\u00a0\u00bb16px\u00a0\u00bb number_font=\u00a0\u00bb|700|||||||\u00a0\u00bb number_text_align=\u00a0\u00bbcenter\u00a0\u00bb number_text_color=\u00a0\u00bb#0b1d3d\u00a0\u00bb number_font_size=\u00a0\u00bb50px\u00a0\u00bb number_font_size_tablet=\u00a0\u00bb40px\u00a0\u00bb number_font_size_phone=\u00a0\u00bb35px\u00a0\u00bb number_font_size_last_edited=\u00a0\u00bbon|phone\u00a0\u00bb global_colors_info=\u00a0\u00bb{}\u00a0\u00bb][\/et_pb_number_counter][\/et_pb_column][et_pb_column type=\u00a0\u00bb1_3&Prime; _builder_version=\u00a0\u00bb4.17.3&Prime; background_color=\u00a0\u00bb#FFFFFF\u00a0\u00bb custom_padding=\u00a0\u00bb15px||15px||true|false\u00a0\u00bb border_radii=\u00a0\u00bbon|7px|7px|7px|7px\u00a0\u00bb box_shadow_style=\u00a0\u00bbpreset1&Prime; box_shadow_color=\u00a0\u00bbrgba(0,0,0,0.09)\u00a0\u00bb global_colors_info=\u00a0\u00bb{}\u00a0\u00bb parallax__hover=\u00a0\u00bboff\u00a0\u00bb parallax_method__hover=\u00a0\u00bbon\u00a0\u00bb custom_padding__hover=\u00a0\u00bb|||\u00a0\u00bb][et_pb_number_counter title=\u00a0\u00bbclients satisfaits\u00a0\u00bb number=\u00a0\u00bb300+\u00a0\u00bb percent_sign=\u00a0\u00bboff\u00a0\u00bb _builder_version=\u00a0\u00bb4.17.6&Prime; title_font=\u00a0\u00bb||||||||\u00a0\u00bb title_text_align=\u00a0\u00bbcenter\u00a0\u00bb title_text_color=\u00a0\u00bb#000000&Prime; title_font_size=\u00a0\u00bb16px\u00a0\u00bb number_font=\u00a0\u00bb|700|||||||\u00a0\u00bb number_text_align=\u00a0\u00bbcenter\u00a0\u00bb number_text_color=\u00a0\u00bb#0b1d3d\u00a0\u00bb number_font_size=\u00a0\u00bb50px\u00a0\u00bb number_font_size_tablet=\u00a0\u00bb40px\u00a0\u00bb number_font_size_phone=\u00a0\u00bb35px\u00a0\u00bb number_font_size_last_edited=\u00a0\u00bbon|phone\u00a0\u00bb global_colors_info=\u00a0\u00bb{}\u00a0\u00bb][\/et_pb_number_counter][\/et_pb_column][et_pb_column type=\u00a0\u00bb1_3&Prime; _builder_version=\u00a0\u00bb4.17.3&Prime; background_color=\u00a0\u00bb#FFFFFF\u00a0\u00bb custom_padding=\u00a0\u00bb15px||15px||true|false\u00a0\u00bb border_radii=\u00a0\u00bbon|7px|7px|7px|7px\u00a0\u00bb box_shadow_style=\u00a0\u00bbpreset1&Prime; box_shadow_color=\u00a0\u00bbrgba(0,0,0,0.09)\u00a0\u00bb global_colors_info=\u00a0\u00bb{}\u00a0\u00bb parallax__hover=\u00a0\u00bboff\u00a0\u00bb parallax_method__hover=\u00a0\u00bbon\u00a0\u00bb custom_padding__hover=\u00a0\u00bb|||\u00a0\u00bb][et_pb_number_counter title=\u00a0\u00bbann\u00e9es d&rsquo;exp\u00e9rience\u00a0\u00bb number=\u00a0\u00bb35&Prime; percent_sign=\u00a0\u00bboff\u00a0\u00bb _builder_version=\u00a0\u00bb4.18.0&Prime; title_font=\u00a0\u00bb||||||||\u00a0\u00bb title_text_align=\u00a0\u00bbcenter\u00a0\u00bb title_text_color=\u00a0\u00bb#000000&Prime; title_font_size=\u00a0\u00bb16px\u00a0\u00bb number_font=\u00a0\u00bb|700|||||||\u00a0\u00bb number_text_align=\u00a0\u00bbcenter\u00a0\u00bb number_text_color=\u00a0\u00bb#0b1d3d\u00a0\u00bb number_font_size=\u00a0\u00bb50px\u00a0\u00bb number_font_size_tablet=\u00a0\u00bb40px\u00a0\u00bb number_font_size_phone=\u00a0\u00bb35px\u00a0\u00bb number_font_size_last_edited=\u00a0\u00bbon|phone\u00a0\u00bb global_colors_info=\u00a0\u00bb{}\u00a0\u00bb][\/et_pb_number_counter][\/et_pb_column][\/et_pb_row][et_pb_row column_structure=\u00a0\u00bb1_2,1_2&Prime; make_equal=\u00a0\u00bbon\u00a0\u00bb module_class=\u00a0\u00bbcustom_row\u00a0\u00bb _builder_version=\u00a0\u00bb4.18.0&Prime; _module_preset=\u00a0\u00bbdefault\u00a0\u00bb custom_margin=\u00a0\u00bb20px||||false|false\u00a0\u00bb border_width_top=\u00a0\u00bb2px\u00a0\u00bb border_color_top=\u00a0\u00bb#0e9cd9&Prime; global_colors_info=\u00a0\u00bb{}\u00a0\u00bb][et_pb_column type=\u00a0\u00bb1_2&Prime; module_class=\u00a0\u00bbsecond-on-mobile\u00a0\u00bb _builder_version=\u00a0\u00bb4.18.0&Prime; _module_preset=\u00a0\u00bbdefault\u00a0\u00bb background_image=\u00a0\u00bbhttps:\/\/kolbkaelte.ch\/wp-content\/uploads\/2022\/10\/Kolb-Kaelte_Kaeltetechnik_Kuehlung_Ueber-Uns_9.jpg\u00a0\u00bb border_radii=\u00a0\u00bbon|8px|8px|8px|8px\u00a0\u00bb global_colors_info=\u00a0\u00bb{}\u00a0\u00bb][et_pb_divider divider_weight=\u00a0\u00bb0px\u00a0\u00bb disabled_on=\u00a0\u00bboff|off|on\u00a0\u00bb _builder_version=\u00a0\u00bb4.18.0&Prime; _module_preset=\u00a0\u00bbdefault\u00a0\u00bb background_enable_image=\u00a0\u00bboff\u00a0\u00bb height_tablet=\u00a0\u00bb40vh\u00a0\u00bb height_phone=\u00a0\u00bb40vh\u00a0\u00bb height_last_edited=\u00a0\u00bbon|phone\u00a0\u00bb global_colors_info=\u00a0\u00bb{}\u00a0\u00bb][\/et_pb_divider][\/et_pb_column][et_pb_column type=\u00a0\u00bb1_2&Prime; _builder_version=\u00a0\u00bb4.18.0&Prime; _module_preset=\u00a0\u00bbdefault\u00a0\u00bb custom_padding=\u00a0\u00bb7vh||7vh||true|false\u00a0\u00bb custom_padding_tablet=\u00a0\u00bb3vh||||false|false\u00a0\u00bb custom_padding_phone=\u00a0\u00bb3vh||||false|false\u00a0\u00bb custom_padding_last_edited=\u00a0\u00bbon|phone\u00a0\u00bb global_colors_info=\u00a0\u00bb{}\u00a0\u00bb][et_pb_text _builder_version=\u00a0\u00bb4.18.0&Prime; _module_preset=\u00a0\u00bbdefault\u00a0\u00bb header_2_text_align=\u00a0\u00bbleft\u00a0\u00bb global_colors_info=\u00a0\u00bb{}\u00a0\u00bb]<\/p>\n<h2>Travailler chez Kolb K\u00e4lte<\/h2>\n<p>Nos collaborateurs et collaboratrices sont notre principal avantage concurrentiel. Dans la vente comme dans la planification, la production, la gestion des projets, la maintenance et le service apr\u00e8s-vente. Nous pouvons compter sur une \u00e9quipe de collaborateurs exp\u00e9riment\u00e9s qui nous sont fid\u00e8les depuis de longues ann\u00e9es. Nous cultivons avec notre personnel des relations ouvertes et des hi\u00e9rarchies plates.<\/p>\n<p>[\/et_pb_text][et_pb_button button_url=\u00a0\u00bbhttps:\/\/www.kolbkaelte.ch\/fr\/travailler-chez-kolb-kaelte\/\u00a0\u00bb button_text=\u00a0\u00bbEn savoir plus\u00a0\u00bb _builder_version=\u00a0\u00bb4.18.0&Prime; _module_preset=\u00a0\u00bbec42fcd1-1bfc-4711-b79e-d9b47789bf23&Prime; global_colors_info=\u00a0\u00bb{}\u00a0\u00bb][\/et_pb_button][\/et_pb_column][\/et_pb_row][\/et_pb_section][et_pb_section fb_built=\u00a0\u00bb1&Prime; custom_padding_last_edited=\u00a0\u00bbon|desktop\u00a0\u00bb _builder_version=\u00a0\u00bb4.18.0&Prime; _module_preset=\u00a0\u00bbdefault\u00a0\u00bb background_color=\u00a0\u00bb#009ee0&Prime; custom_padding=\u00a0\u00bb15vh||15vh||true|false\u00a0\u00bb custom_padding_tablet=\u00a0\u00bb\u00a0\u00bb custom_padding_phone=\u00a0\u00bb\u00a0\u00bb locked=\u00a0\u00bboff\u00a0\u00bb global_colors_info=\u00a0\u00bb{}\u00a0\u00bb][et_pb_row _builder_version=\u00a0\u00bb4.17.3&Prime; _module_preset=\u00a0\u00bbdefault\u00a0\u00bb global_colors_info=\u00a0\u00bb{}\u00a0\u00bb][et_pb_column type=\u00a0\u00bb4_4&Prime; _builder_version=\u00a0\u00bb4.17.3&Prime; _module_preset=\u00a0\u00bbdefault\u00a0\u00bb global_colors_info=\u00a0\u00bb{}\u00a0\u00bb][et_pb_text _builder_version=\u00a0\u00bb4.17.3&Prime; _module_preset=\u00a0\u00bbdefault\u00a0\u00bb header_text_color=\u00a0\u00bb#FFFFFF\u00a0\u00bb header_2_text_align=\u00a0\u00bbcenter\u00a0\u00bb header_2_text_color=\u00a0\u00bb#FFFFFF\u00a0\u00bb custom_margin=\u00a0\u00bb||0px||false|false\u00a0\u00bb global_colors_info=\u00a0\u00bb{}\u00a0\u00bb]<\/p>\n<h2>Voici comment nous vous soutenons dans votre entreprise<\/h2>\n<p>[\/et_pb_text][\/et_pb_column][\/et_pb_row][et_pb_row disabled_on=\u00a0\u00bbon|on|off\u00a0\u00bb _builder_version=\u00a0\u00bb4.18.0&Prime; _module_preset=\u00a0\u00bbdefault\u00a0\u00bb vertical_offset=\u00a0\u00bb160px\u00a0\u00bb width_tablet=\u00a0\u00bb80%\u00a0\u00bb width_phone=\u00a0\u00bb\u00a0\u00bb width_last_edited=\u00a0\u00bbon|tablet\u00a0\u00bb max_width=\u00a0\u00bb1200px\u00a0\u00bb custom_margin=\u00a0\u00bb0px||0px||false|false\u00a0\u00bb custom_padding=\u00a0\u00bb0px||0px||true|false\u00a0\u00bb locked=\u00a0\u00bboff\u00a0\u00bb global_colors_info=\u00a0\u00bb%91%93&Prime;][et_pb_column type=\u00a0\u00bb4_4&Prime; _builder_version=\u00a0\u00bb4.18.0&Prime; _module_preset=\u00a0\u00bbdefault\u00a0\u00bb global_colors_info=\u00a0\u00bb{}\u00a0\u00bb][et_pb_divider color=\u00a0\u00bb#FFFFFF\u00a0\u00bb divider_style=\u00a0\u00bbdashed\u00a0\u00bb divider_weight=\u00a0\u00bb2px\u00a0\u00bb _builder_version=\u00a0\u00bb4.18.0&Prime; _module_preset=\u00a0\u00bbdefault\u00a0\u00bb global_colors_info=\u00a0\u00bb{}\u00a0\u00bb][\/et_pb_divider][\/et_pb_column][\/et_pb_row][et_pb_row column_structure=\u00a0\u00bb1_4,1_4,1_4,1_4&Prime; make_equal=\u00a0\u00bbon\u00a0\u00bb module_class=\u00a0\u00bbgq_r_fixed_buttons\u00a0\u00bb _builder_version=\u00a0\u00bb4.18.0&Prime; _module_preset=\u00a0\u00bbdefault\u00a0\u00bb width_tablet=\u00a0\u00bb80%\u00a0\u00bb width_phone=\u00a0\u00bb\u00a0\u00bb width_last_edited=\u00a0\u00bbon|tablet\u00a0\u00bb max_width=\u00a0\u00bb1450px\u00a0\u00bb custom_margin=\u00a0\u00bb||0px||false|false\u00a0\u00bb custom_padding=\u00a0\u00bb20px||20px||true|false\u00a0\u00bb locked=\u00a0\u00bboff\u00a0\u00bb global_colors_info=\u00a0\u00bb%91%93&Prime;][et_pb_column type=\u00a0\u00bb1_4&Prime; _builder_version=\u00a0\u00bb4.18.0&Prime; _module_preset=\u00a0\u00bbdefault\u00a0\u00bb custom_css_main_element=\u00a0\u00bbdisplay:flex;||flex-direction: column;\u00a0\u00bb global_colors_info=\u00a0\u00bb{}\u00a0\u00bb][et_pb_blurb title=\u00a0\u00bbConseil et planification de votre production\u00a0\u00bb image=\u00a0\u00bbhttps:\/\/kolbkaelte.ch\/wp-content\/uploads\/2022\/10\/beratung-und-planung_1.png\u00a0\u00bb _builder_version=\u00a0\u00bb4.18.0&Prime; _module_preset=\u00a0\u00bb9508eecd-e40f-479a-8566-54dfa38776aa\u00a0\u00bb global_colors_info=\u00a0\u00bb{}\u00a0\u00bb][\/et_pb_blurb][et_pb_button button_url=\u00a0\u00bbhttps:\/\/www.kolbkaelte.ch\/fr\/prestations\/conseil-et-planification\/\u00a0\u00bb button_text=\u00a0\u00bbEn savoir plus\u00a0\u00bb _builder_version=\u00a0\u00bb4.18.0&Prime; _module_preset=\u00a0\u00bb71ab6695-dbe9-4e80-af76-ba2780ec055d\u00a0\u00bb global_colors_info=\u00a0\u00bb{}\u00a0\u00bb][\/et_pb_button][\/et_pb_column][et_pb_column type=\u00a0\u00bb1_4&Prime; _builder_version=\u00a0\u00bb4.18.0&Prime; _module_preset=\u00a0\u00bbdefault\u00a0\u00bb custom_css_main_element=\u00a0\u00bbdisplay:flex;||flex-direction: column;\u00a0\u00bb global_colors_info=\u00a0\u00bb{}\u00a0\u00bb][et_pb_blurb title=\u00a0\u00bbAssistance technologique pour la production de la p\u00e2te\u00a0\u00bb image=\u00a0\u00bbhttps:\/\/kolbkaelte.ch\/wp-content\/uploads\/2022\/10\/teigtechnologische-betreuung_1.png\u00a0\u00bb _builder_version=\u00a0\u00bb4.18.0&Prime; _module_preset=\u00a0\u00bb9508eecd-e40f-479a-8566-54dfa38776aa\u00a0\u00bb global_colors_info=\u00a0\u00bb{}\u00a0\u00bb][\/et_pb_blurb][et_pb_button button_url=\u00a0\u00bbhttps:\/\/www.kolbkaelte.ch\/fr\/suivi-technologique-de-la-pate\/\u00a0\u00bb button_text=\u00a0\u00bbEn savoir plus\u00a0\u00bb _builder_version=\u00a0\u00bb4.18.0&Prime; _module_preset=\u00a0\u00bb71ab6695-dbe9-4e80-af76-ba2780ec055d\u00a0\u00bb global_colors_info=\u00a0\u00bb{}\u00a0\u00bb][\/et_pb_button][\/et_pb_column][et_pb_column type=\u00a0\u00bb1_4&Prime; _builder_version=\u00a0\u00bb4.18.0&Prime; _module_preset=\u00a0\u00bbdefault\u00a0\u00bb custom_css_main_element=\u00a0\u00bbdisplay:flex;||flex-direction: column;\u00a0\u00bb global_colors_info=\u00a0\u00bb{}\u00a0\u00bb][et_pb_blurb title=\u00a0\u00bb\u00c9conomie d&rsquo;\u00e9nergie\u00a0\u00bb image=\u00a0\u00bbhttps:\/\/kolbkaelte.ch\/wp-content\/uploads\/2022\/10\/energieeinsparung_1.png\u00a0\u00bb _builder_version=\u00a0\u00bb4.18.0&Prime; _module_preset=\u00a0\u00bb9508eecd-e40f-479a-8566-54dfa38776aa\u00a0\u00bb global_colors_info=\u00a0\u00bb{}\u00a0\u00bb][\/et_pb_blurb][et_pb_button button_url=\u00a0\u00bbhttps:\/\/www.kolbkaelte.ch\/fr\/economie-denergie\/\u00a0\u00bb button_text=\u00a0\u00bbEn savoir plus\u00a0\u00bb _builder_version=\u00a0\u00bb4.18.0&Prime; _module_preset=\u00a0\u00bb71ab6695-dbe9-4e80-af76-ba2780ec055d\u00a0\u00bb global_colors_info=\u00a0\u00bb{}\u00a0\u00bb][\/et_pb_button][\/et_pb_column][et_pb_column type=\u00a0\u00bb1_4&Prime; _builder_version=\u00a0\u00bb4.18.0&Prime; _module_preset=\u00a0\u00bbdefault\u00a0\u00bb custom_css_main_element=\u00a0\u00bbdisplay:flex;||flex-direction: column;\u00a0\u00bb global_colors_info=\u00a0\u00bb{}\u00a0\u00bb][et_pb_blurb title=\u00a0\u00bbAppel d&rsquo;offres, promotion et financement\u00a0\u00bb image=\u00a0\u00bbhttps:\/\/kolbkaelte.ch\/wp-content\/uploads\/2022\/10\/ausschreibung-foerderung-und-finanzierung.png\u00a0\u00bb _builder_version=\u00a0\u00bb4.18.0&Prime; _module_preset=\u00a0\u00bb9508eecd-e40f-479a-8566-54dfa38776aa\u00a0\u00bb global_colors_info=\u00a0\u00bb{}\u00a0\u00bb][\/et_pb_blurb][et_pb_button button_url=\u00a0\u00bbhttps:\/\/www.kolbkaelte.ch\/fr\/subventions-financement-appels-doffres\/\u00a0\u00bb button_text=\u00a0\u00bbEn savoir plus\u00a0\u00bb _builder_version=\u00a0\u00bb4.18.0&Prime; _module_preset=\u00a0\u00bb71ab6695-dbe9-4e80-af76-ba2780ec055d\u00a0\u00bb global_colors_info=\u00a0\u00bb{}\u00a0\u00bb][\/et_pb_button][\/et_pb_column][\/et_pb_row][\/et_pb_section][et_pb_section fb_built=\u00a0\u00bb1&Prime; custom_padding_last_edited=\u00a0\u00bbon|desktop\u00a0\u00bb _builder_version=\u00a0\u00bb4.17.3&Prime; _module_preset=\u00a0\u00bbdefault\u00a0\u00bb background_color=\u00a0\u00bb#FFFFFF\u00a0\u00bb custom_padding_tablet=\u00a0\u00bb\u00a0\u00bb custom_padding_phone=\u00a0\u00bb\u00a0\u00bb locked=\u00a0\u00bboff\u00a0\u00bb global_colors_info=\u00a0\u00bb{}\u00a0\u00bb][et_pb_row column_structure=\u00a0\u00bb2_5,3_5&Prime; use_custom_gutter=\u00a0\u00bbon\u00a0\u00bb _builder_version=\u00a0\u00bb4.18.0&Prime; _module_preset=\u00a0\u00bbdefault\u00a0\u00bb global_colors_info=\u00a0\u00bb{}\u00a0\u00bb][et_pb_column type=\u00a0\u00bb2_5&Prime; _builder_version=\u00a0\u00bb4.18.0&Prime; _module_preset=\u00a0\u00bbdefault\u00a0\u00bb custom_padding=\u00a0\u00bb80px||||false|false\u00a0\u00bb global_colors_info=\u00a0\u00bb{}\u00a0\u00bb][et_pb_text _builder_version=\u00a0\u00bb4.17.3&Prime; _module_preset=\u00a0\u00bbdefault\u00a0\u00bb custom_margin=\u00a0\u00bb||0px||false|false\u00a0\u00bb global_colors_info=\u00a0\u00bb{}\u00a0\u00bb]<\/p>\n<h2>R\u00e9f\u00e9rences actuelles<\/h2>\n<p>[\/et_pb_text][et_pb_text _builder_version=\u00a0\u00bb4.17.3&Prime; _module_preset=\u00a0\u00bbdefault\u00a0\u00bb link_font=\u00a0\u00bb||||on||||\u00a0\u00bb link_text_color=\u00a0\u00bb#009ee0&Prime; global_colors_info=\u00a0\u00bb{}\u00a0\u00bb]<\/p>\n<h4>Boulangerie-p\u00e2tisserie Hubmann &#8211; Arnfels \/ Autriche<\/h4>\n<p>Depuis le printemps 2022, l\u2019\u00e9quipe entourant la famille Hubmann cuit ses produits de boulangerie dans le nouveau b\u00e2timent de production. Nous avons soutenu la boulangerie avec notre expertise en mati\u00e8re de planification ainsi qu\u2019avec de nouveaux fours et \u00e9quipements de refroidissement.<\/p>\n<p>[\/et_pb_text][difl_dual_button left_button=\u00a0\u00bbEn savoir plus \u00a0\u00bb left_button_url=\u00a0\u00bb\/project\/baeckerei-konditorei-hubmann-josef-2\/\u00a0\u00bb right_button=\u00a0\u00bb.\u00a0\u00bb _builder_version=\u00a0\u00bb4.19.0&Prime; _module_preset=\u00a0\u00bb88bf8eea-bcf9-4a14-aa9b-9cfad6f3239f\u00a0\u00bb global_colors_info=\u00a0\u00bb{}\u00a0\u00bb][\/difl_dual_button][\/et_pb_column][et_pb_column type=\u00a0\u00bb3_5&Prime; _builder_version=\u00a0\u00bb4.17.3&Prime; _module_preset=\u00a0\u00bbdefault\u00a0\u00bb global_colors_info=\u00a0\u00bb{}\u00a0\u00bb][dsm_image_carousel gallery_ids=\u00a0\u00bb278023,278024,278025&Prime; sizes=\u00a0\u00bbet-pb-gallery-module-image-portrait\u00a0\u00bb centered_slides=\u00a0\u00bboff\u00a0\u00bb slide_to_show=\u00a0\u00bb2&Prime; _builder_version=\u00a0\u00bb4.18.0&Prime; _module_preset=\u00a0\u00bb5b15f7f4-e091-4c7d-99e9-6b4a03000731&Prime; locked=\u00a0\u00bboff\u00a0\u00bb global_colors_info=\u00a0\u00bb{}\u00a0\u00bb][\/dsm_image_carousel][\/et_pb_column][\/et_pb_row][\/et_pb_section][et_pb_section fb_built=\u00a0\u00bb1&Prime; custom_padding_last_edited=\u00a0\u00bbon|tablet\u00a0\u00bb _builder_version=\u00a0\u00bb4.17.3&Prime; _module_preset=\u00a0\u00bbdefault\u00a0\u00bb background_color=\u00a0\u00bb#009ee0&Prime; custom_padding=\u00a0\u00bb112px||112px||true|\u00a0\u00bb custom_padding_tablet=\u00a0\u00bb40px||40px||true|false\u00a0\u00bb custom_padding_phone=\u00a0\u00bb\u00a0\u00bb locked=\u00a0\u00bboff\u00a0\u00bb global_colors_info=\u00a0\u00bb{}\u00a0\u00bb][et_pb_row _builder_version=\u00a0\u00bb4.17.3&Prime; _module_preset=\u00a0\u00bbdefault\u00a0\u00bb width_tablet=\u00a0\u00bb95%\u00a0\u00bb max_width_tablet=\u00a0\u00bb100%\u00a0\u00bb max_width_phone=\u00a0\u00bb100%\u00a0\u00bb max_width_last_edited=\u00a0\u00bbon|tablet\u00a0\u00bb global_colors_info=\u00a0\u00bb{}\u00a0\u00bb][et_pb_column type=\u00a0\u00bb4_4&Prime; _builder_version=\u00a0\u00bb4.16&Prime; _module_preset=\u00a0\u00bbdefault\u00a0\u00bb global_colors_info=\u00a0\u00bb{}\u00a0\u00bb][et_pb_code raw_content_tablet=\u00a0\u00bb<\/p>\n<style>\n.df_at_nav_wrap {\n    z-index: 2;\n    width: 40%;\n    height: auto;\n}\n  .df_at_all_tabs {\n    padding: 15px 0px 15px 15px;<\/p>\n<p>}\n<\/style>\n<p>\u00a0\u00bb raw_content_phone=\u00a0\u00bb<\/p>\n<style>\n<p>  .df_at_all_tabs {\n    padding: 15px 0px;\n}\n<\/style>\n<p>\u00a0\u00bb raw_content_last_edited=\u00a0\u00bbon|tablet\u00a0\u00bb _builder_version=\u00a0\u00bb4.17.3&Prime; _module_preset=\u00a0\u00bbdefault\u00a0\u00bb global_colors_info=\u00a0\u00bb{}\u00a0\u00bb]<\/p>\n<style><!-- [et_pb_line_break_holder] --><!-- [et_pb_line_break_holder] -->  .df_at_all_tabs {<!-- [et_pb_line_break_holder] -->    padding: 15px 0px;<!-- [et_pb_line_break_holder] -->}<!-- [et_pb_line_break_holder] --><\/style>\n<p>[\/et_pb_code][difl_advancedtab nav_placement=\u00a0\u00bbflex_left\u00a0\u00bb nav_container_width=\u00a0\u00bb26%\u00a0\u00bb nav_placement_tablet=\u00a0\u00bbflex_left\u00a0\u00bb nav_container_width_tablet=\u00a0\u00bb20%\u00a0\u00bb nav_placement_phone=\u00a0\u00bbflex_top\u00a0\u00bb nav_align=\u00a0\u00bbflex_center\u00a0\u00bb content_vertical_align=\u00a0\u00bbflex_center\u00a0\u00bb nav_item_bgcolor=\u00a0\u00bbrgba(0,0,0,0)\u00a0\u00bb icon_color=\u00a0\u00bb#b3b3b3&Prime; icon_color_active=\u00a0\u00bb#009ee0&Prime; icon_size=\u00a0\u00bb32px\u00a0\u00bb icon_placement=\u00a0\u00bbflex_left\u00a0\u00bb use_active_arrow=\u00a0\u00bboff\u00a0\u00bb nav_item_margin=\u00a0\u00bb|-1px|||false|false\u00a0\u00bb nav_item_padding=\u00a0\u00bb19px|14px|19px|20px|true|false\u00a0\u00bb nav_item_padding_tablet=\u00a0\u00bb|14px||0px|true|false\u00a0\u00bb nav_item_padding_phone=\u00a0\u00bb|||20px|true|false\u00a0\u00bb nav_item_padding_last_edited=\u00a0\u00bbon|phone\u00a0\u00bb content_padding=\u00a0\u00bb32px|30px|32px|30px|true|true\u00a0\u00bb content_padding_tablet=\u00a0\u00bb|0px||0px|true|true\u00a0\u00bb content_padding_phone=\u00a0\u00bb|0px||0px|true|true\u00a0\u00bb content_padding_last_edited=\u00a0\u00bbon|desktop\u00a0\u00bb nav_title_margin=\u00a0\u00bb|||13px|false|false\u00a0\u00bb module_class=\u00a0\u00bbnav-home\u00a0\u00bb _builder_version=\u00a0\u00bb4.19.0&Prime; _module_preset=\u00a0\u00bbdefault\u00a0\u00bb title_font=\u00a0\u00bb||||||||\u00a0\u00bb title_text_color=\u00a0\u00bb#FFFFFF\u00a0\u00bb title_font_size=\u00a0\u00bb18px\u00a0\u00bb title_active_font=\u00a0\u00bb|700|||||||\u00a0\u00bb title_active_text_color=\u00a0\u00bb#FFFFFF\u00a0\u00bb text_font=\u00a0\u00bb||||||||\u00a0\u00bb text_font_size=\u00a0\u00bb15px\u00a0\u00bb text_line_height=\u00a0\u00bb1.8em\u00a0\u00bb header_3_font=\u00a0\u00bbNunito|700|||||||\u00a0\u00bb header_3_font_size=\u00a0\u00bb45px\u00a0\u00bb custom_margin_tablet=\u00a0\u00bb\u00a0\u00bb custom_margin_phone=\u00a0\u00bb\u00a0\u00bb custom_margin_last_edited=\u00a0\u00bbon|phone\u00a0\u00bb custom_padding_tablet=\u00a0\u00bb\u00a0\u00bb custom_padding_phone=\u00a0\u00bb\u00a0\u00bb custom_padding_last_edited=\u00a0\u00bbon|phone\u00a0\u00bb header_3_font_size_tablet=\u00a0\u00bb26px\u00a0\u00bb header_3_font_size_phone=\u00a0\u00bb\u00a0\u00bb header_3_font_size_last_edited=\u00a0\u00bbon|tablet\u00a0\u00bb border_width_all=\u00a0\u00bb0px\u00a0\u00bb border_width_left_content_wrapper=\u00a0\u00bb0px\u00a0\u00bb border_color_left_content_wrapper=\u00a0\u00bb#d6d6d6&Prime; border_color_all_nav_item=\u00a0\u00bb#d6d6d6&Prime; border_width_right_nav_item=\u00a0\u00bb2px\u00a0\u00bb border_color_right_nav_item=\u00a0\u00bbrgba(255,255,255,0.36)\u00a0\u00bb border_width_all_nav_item_tablet=\u00a0\u00bb\u00a0\u00bb border_width_all_nav_item_phone=\u00a0\u00bb0px\u00a0\u00bb border_width_all_nav_item_last_edited=\u00a0\u00bbon|phone\u00a0\u00bb border_color_right_nav_item_tablet=\u00a0\u00bb\u00a0\u00bb border_color_right_nav_item_phone=\u00a0\u00bb#FFFFFF\u00a0\u00bb border_color_right_nav_item_last_edited=\u00a0\u00bbon|tablet\u00a0\u00bb border_color_all_nav_item_active=\u00a0\u00bbRGBA(255,255,255,0)\u00a0\u00bb border_width_right_nav_item_active=\u00a0\u00bb2px\u00a0\u00bb border_color_right_nav_item_active=\u00a0\u00bb#FFFFFF\u00a0\u00bb locked=\u00a0\u00bboff\u00a0\u00bb global_colors_info=\u00a0\u00bb{}\u00a0\u00bb][difl_advancedtabitem title=\u00a0\u00bbSuisse\u00a0\u00bb use_icon=\u00a0\u00bboff\u00a0\u00bb tab_image=\u00a0\u00bbhttps:\/\/kolbkaelte.ch\/wp-content\/uploads\/2022\/10\/schweiz.png\u00a0\u00bb navigation_link=\u00a0\u00bbhttps:\/\/www.kolbkaelte.ch\/fr\/#difl_advancedtabitem_0&Prime; at_button_button_url_new_window=\u00a0\u00bb1&Prime; content_margin_tablet=\u00a0\u00bb\u00a0\u00bb content_margin_phone=\u00a0\u00bb\u00a0\u00bb content_margin_last_edited=\u00a0\u00bbon|phone\u00a0\u00bb content_padding_tablet=\u00a0\u00bb\u00a0\u00bb content_padding_phone=\u00a0\u00bb\u00a0\u00bb content_padding_last_edited=\u00a0\u00bbon|phone\u00a0\u00bb _builder_version=\u00a0\u00bb4.19.0&Prime; _module_preset=\u00a0\u00bbdefault\u00a0\u00bb global_colors_info=\u00a0\u00bb{}\u00a0\u00bb content_margin__hover_enabled=\u00a0\u00bboff|desktop\u00a0\u00bb]<\/p>\n[et_pb_section global_module=\"256212\"][\/et_pb_section]\n<p>[\/difl_advancedtabitem][difl_advancedtabitem title=\u00a0\u00bbSuisse (fr)\u00a0\u00bb use_icon=\u00a0\u00bboff\u00a0\u00bb tab_image=\u00a0\u00bbhttps:\/\/kolbkaelte.ch\/wp-content\/uploads\/2022\/10\/schweiz.png\u00a0\u00bb navigation_link=\u00a0\u00bbhttps:\/\/www.kolbkaelte.ch\/fr\/#difl_advancedtabitem_1&Prime; at_button_button_url_new_window=\u00a0\u00bb1&Prime; _builder_version=\u00a0\u00bb4.19.0&Prime; _module_preset=\u00a0\u00bbdefault\u00a0\u00bb global_colors_info=\u00a0\u00bb{}\u00a0\u00bb]<\/p>\n[et_pb_section global_module=\"256218\"][\/et_pb_section]\n<p>[\/difl_advancedtabitem][difl_advancedtabitem title=\u00a0\u00bbAllemagne\u00a0\u00bb use_icon=\u00a0\u00bboff\u00a0\u00bb tab_image=\u00a0\u00bbhttps:\/\/kolbkaelte.ch\/wp-content\/uploads\/2022\/10\/deutshcland.png\u00a0\u00bb navigation_link=\u00a0\u00bbhttps:\/\/www.kolbkaelte.ch\/fr\/#difl_advancedtabitem_2&Prime; at_button_button_url_new_window=\u00a0\u00bb1&Prime; _builder_version=\u00a0\u00bb4.19.0&Prime; _module_preset=\u00a0\u00bbdefault\u00a0\u00bb global_colors_info=\u00a0\u00bb{}\u00a0\u00bb]<\/p>\n[et_pb_section global_module=\"256225\"][\/et_pb_section]\n<p>[\/difl_advancedtabitem][difl_advancedtabitem title=\u00a0\u00bbAutriche\u00a0\u00bb use_icon=\u00a0\u00bboff\u00a0\u00bb tab_image=\u00a0\u00bbhttps:\/\/kolbkaelte.ch\/wp-content\/uploads\/2022\/10\/oesterreich.png\u00a0\u00bb navigation_link=\u00a0\u00bbhttps:\/\/www.kolbkaelte.ch\/fr\/#difl_advancedtabitem_3&Prime; at_button_button_url_new_window=\u00a0\u00bb1&Prime; _builder_version=\u00a0\u00bb4.19.0&Prime; _module_preset=\u00a0\u00bbdefault\u00a0\u00bb global_colors_info=\u00a0\u00bb{}\u00a0\u00bb]<\/p>\n[et_pb_section global_module=\"256230\"][\/et_pb_section]\n<p>[\/difl_advancedtabitem][\/difl_advancedtab][\/et_pb_column][\/et_pb_row][\/et_pb_section][et_pb_section fb_built=\u00a0\u00bb1&Prime; _builder_version=\u00a0\u00bb4.17.3&Prime; _module_preset=\u00a0\u00bbdefault\u00a0\u00bb background_color=\u00a0\u00bb#FFFFFF\u00a0\u00bb global_colors_info=\u00a0\u00bb{}\u00a0\u00bb][et_pb_row column_structure=\u00a0\u00bb3_5,2_5&Prime; _builder_version=\u00a0\u00bb4.17.3&Prime; background_enable_color=\u00a0\u00bboff\u00a0\u00bb custom_padding=\u00a0\u00bb|||0px|false|false\u00a0\u00bb locked=\u00a0\u00bboff\u00a0\u00bb global_colors_info=\u00a0\u00bb{}\u00a0\u00bb][et_pb_column type=\u00a0\u00bb3_5&Prime; _builder_version=\u00a0\u00bb4.17.3&Prime; custom_padding=\u00a0\u00bb|||\u00a0\u00bb animation_direction=\u00a0\u00bbleft\u00a0\u00bb global_colors_info=\u00a0\u00bb{}\u00a0\u00bb parallax__hover=\u00a0\u00bboff\u00a0\u00bb parallax_method__hover=\u00a0\u00bbon\u00a0\u00bb custom_padding__hover=\u00a0\u00bb|||\u00a0\u00bb][et_pb_text _builder_version=\u00a0\u00bb4.17.3&Prime; text_font=\u00a0\u00bbNunito Sans||||||||\u00a0\u00bb text_text_color=\u00a0\u00bb#5499D4&Prime; custom_margin=\u00a0\u00bb0px||0vh||false|false\u00a0\u00bb global_colors_info=\u00a0\u00bb{}\u00a0\u00bb]<\/p>\n<h2>Kolb K\u00e4lte &#8211; une marque de Pitec AG<\/h2>\n<p>[\/et_pb_text][et_pb_text _builder_version=\u00a0\u00bb4.17.3&Prime; _module_preset=\u00a0\u00bbdefault\u00a0\u00bb link_font=\u00a0\u00bb||||on||||\u00a0\u00bb link_text_color=\u00a0\u00bb#009ee0&Prime; global_colors_info=\u00a0\u00bb{}\u00a0\u00bb]<\/p>\n<p>Ensemble, on peut faire de grandes choses. Nous sommes donc fiers de faire partie de Pitec AG, le fournisseur global num\u00e9ro un de technique de boulangerie et de restauration en Suisse. Ensemble, nous proposons \u00e0 votre boulangerie ou \u00e0 votre entreprise de restauration une gamme compl\u00e8te de prestations, de la planification \u00e0 l\u2019\u00e9quipement et au service apr\u00e8s-vente. Tout d\u2019une seule source.<\/p>\n<p>[\/et_pb_text][et_pb_button button_url=\u00a0\u00bbhttps:\/\/pitec.ch\/\u00a0\u00bb button_text=\u00a0\u00bbVers Pitec AG\u00a0\u00bb _builder_version=\u00a0\u00bb4.18.0&Prime; _module_preset=\u00a0\u00bbec42fcd1-1bfc-4711-b79e-d9b47789bf23&Prime; global_colors_info=\u00a0\u00bb{}\u00a0\u00bb][\/et_pb_button][\/et_pb_column][et_pb_column type=\u00a0\u00bb2_5&Prime; _builder_version=\u00a0\u00bb4.17.3&Prime; custom_padding=\u00a0\u00bb|||\u00a0\u00bb custom_padding_tablet=\u00a0\u00bb30px||||false|false\u00a0\u00bb custom_padding_phone=\u00a0\u00bb30px||||false|false\u00a0\u00bb custom_padding_last_edited=\u00a0\u00bbon|tablet\u00a0\u00bb global_colors_info=\u00a0\u00bb{}\u00a0\u00bb parallax__hover=\u00a0\u00bboff\u00a0\u00bb parallax_method__hover=\u00a0\u00bbon\u00a0\u00bb custom_padding__hover=\u00a0\u00bb|||\u00a0\u00bb][et_pb_image src=\u00a0\u00bbhttps:\/\/kolbkaelte.ch\/wp-content\/uploads\/2022\/05\/Logo-Pitec.svg\u00a0\u00bb title_text=\u00a0\u00bbLogo-Pitec\u00a0\u00bb _builder_version=\u00a0\u00bb4.17.3&Prime; _module_preset=\u00a0\u00bbdefault\u00a0\u00bb width=\u00a0\u00bb120%\u00a0\u00bb width_tablet=\u00a0\u00bb100%\u00a0\u00bb width_phone=\u00a0\u00bb100%\u00a0\u00bb width_last_edited=\u00a0\u00bbon|phone\u00a0\u00bb max_width=\u00a0\u00bb120%\u00a0\u00bb max_width_tablet=\u00a0\u00bb100%\u00a0\u00bb max_width_phone=\u00a0\u00bb100%\u00a0\u00bb max_width_last_edited=\u00a0\u00bbon|tablet\u00a0\u00bb global_colors_info=\u00a0\u00bb{}\u00a0\u00bb][\/et_pb_image][\/et_pb_column][\/et_pb_row][\/et_pb_section][et_pb_section fb_built=\u00a0\u00bb1&Prime; custom_padding_last_edited=\u00a0\u00bbon|desktop\u00a0\u00bb module_id=\u00a0\u00bbrendez-vous\u00a0\u00bb _builder_version=\u00a0\u00bb4.17.3&Prime; _module_preset=\u00a0\u00bbdefault\u00a0\u00bb background_color=\u00a0\u00bb#f7f7f7&Prime; custom_padding_tablet=\u00a0\u00bb\u00a0\u00bb custom_padding_phone=\u00a0\u00bb\u00a0\u00bb locked=\u00a0\u00bboff\u00a0\u00bb global_colors_info=\u00a0\u00bb{}\u00a0\u00bb][et_pb_row column_structure=\u00a0\u00bb2_5,3_5&Prime; use_custom_gutter=\u00a0\u00bbon\u00a0\u00bb gutter_width=\u00a0\u00bb2&Prime; make_equal=\u00a0\u00bbon\u00a0\u00bb module_class=\u00a0\u00bbcustom_row\u00a0\u00bb _builder_version=\u00a0\u00bb4.17.3&Prime; _module_preset=\u00a0\u00bbdefault\u00a0\u00bb width_tablet=\u00a0\u00bb90%\u00a0\u00bb width_phone=\u00a0\u00bb\u00a0\u00bb width_last_edited=\u00a0\u00bbon|desktop\u00a0\u00bb max_width_tablet=\u00a0\u00bb90%\u00a0\u00bb max_width_phone=\u00a0\u00bb90%\u00a0\u00bb max_width_last_edited=\u00a0\u00bbon|tablet\u00a0\u00bb custom_padding=\u00a0\u00bb0px||0px||true|\u00a0\u00bb global_colors_info=\u00a0\u00bb{}\u00a0\u00bb max_width__hover_enabled=\u00a0\u00bboff|desktop\u00a0\u00bb][et_pb_column type=\u00a0\u00bb2_5&Prime; module_class=\u00a0\u00bbsecond-on-mobile\u00a0\u00bb _builder_version=\u00a0\u00bb4.17.3&Prime; _module_preset=\u00a0\u00bbdefault\u00a0\u00bb animation_style=\u00a0\u00bbslide\u00a0\u00bb animation_direction=\u00a0\u00bbleft\u00a0\u00bb animation_duration=\u00a0\u00bb1500ms\u00a0\u00bb global_colors_info=\u00a0\u00bb{}\u00a0\u00bb][et_pb_image src=\u00a0\u00bbhttps:\/\/kolbkaelte.ch\/wp-content\/uploads\/2022\/04\/Aktuelle-termine.png\u00a0\u00bb title_text=\u00a0\u00bbDates actuelles\u00a0\u00bb disabled_on=\u00a0\u00bboff|on|off\u00a0\u00bb _builder_version=\u00a0\u00bb4.17.3&Prime; _module_preset=\u00a0\u00bbdefault\u00a0\u00bb background_color=\u00a0\u00bbRGBA(255,255,255,0)\u00a0\u00bb max_width=\u00a0\u00bb80%\u00a0\u00bb max_width_tablet=\u00a0\u00bb50%\u00a0\u00bb max_width_phone=\u00a0\u00bb70%\u00a0\u00bb max_width_last_edited=\u00a0\u00bbon|phone\u00a0\u00bb custom_margin=\u00a0\u00bb5vh||||false|false\u00a0\u00bb module_alignment_tablet=\u00a0\u00bbcenter\u00a0\u00bb module_alignment_phone=\u00a0\u00bbcenter\u00a0\u00bb module_alignment_last_edited=\u00a0\u00bbon|tablet\u00a0\u00bb border_radii=\u00a0\u00bbon|5px|5px|5px|5px\u00a0\u00bb global_colors_info=\u00a0\u00bb{}\u00a0\u00bb][\/et_pb_image][\/et_pb_column][et_pb_column type=\u00a0\u00bb3_5&Prime; module_class=\u00a0\u00bbfirst-on-mobile\u00a0\u00bb _builder_version=\u00a0\u00bb4.17.3&Prime; _module_preset=\u00a0\u00bbdefault\u00a0\u00bb custom_padding=\u00a0\u00bb75px||||false|false\u00a0\u00bb custom_padding_tablet=\u00a0\u00bb0px||||false|false\u00a0\u00bb custom_padding_phone=\u00a0\u00bb0px||||false|false\u00a0\u00bb custom_padding_last_edited=\u00a0\u00bbon|tablet\u00a0\u00bb global_colors_info=\u00a0\u00bb{}\u00a0\u00bb][et_pb_text _builder_version=\u00a0\u00bb4.17.3&Prime; _module_preset=\u00a0\u00bbdefault\u00a0\u00bb custom_margin=\u00a0\u00bb||0px||false|false\u00a0\u00bb global_colors_info=\u00a0\u00bb{}\u00a0\u00bb]<\/p>\n<h2>Dates \u00e0 noter<\/h2>\n<p>[\/et_pb_text][et_pb_text _builder_version=\u00a0\u00bb4.25.2&Prime; _module_preset=\u00a0\u00bbdefault\u00a0\u00bb link_font=\u00a0\u00bb||||on||||\u00a0\u00bb link_text_color=\u00a0\u00bb#009ee0&Prime; custom_margin=\u00a0\u00bb||0vh||false|false\u00a0\u00bb hover_enabled=\u00a0\u00bb0&Prime; global_colors_info=\u00a0\u00bb{}\u00a0\u00bb sticky_enabled=\u00a0\u00bb0&Prime;]<\/p>\n<p>Nous nous r\u00e9jouissons de vous rencontrer lors des prochains \u00e9v\u00e9nements :<\/p>\n<p><strong>S\u00e9minaire sur la technologie de refroidissement: La fermentation avec diverses technologies de r\u00e9frig\u00e9ration <\/strong><br \/>Centre de comp\u00e9tences Richemont, Lucerne<\/p>\n<p><strong>Les prochains rendez-vous:<\/strong><\/p>\n<p>21 octobre 2025<\/p>\n<p>[\/et_pb_text][et_pb_button button_url=\u00a0\u00bbhttps:\/\/www.kolbkaelte.ch\/fr\/evenements\/\u00a0\u00bb button_text=\u00a0\u00bbEn savoir plus\u00a0\u00bb _builder_version=\u00a0\u00bb4.18.0&Prime; _module_preset=\u00a0\u00bbec42fcd1-1bfc-4711-b79e-d9b47789bf23&Prime; global_colors_info=\u00a0\u00bb{}\u00a0\u00bb][\/et_pb_button][\/et_pb_column][\/et_pb_row][\/et_pb_section]<\/p>\n","protected":false},"excerpt":{"rendered":"<p>Nous sommes sp\u00e9cialis\u00e9s dans la qualit\u00e9 optimale des produits gr\u00e2ce au froid: des automates, retardateurs ou interrupteurs de fermentation aux cong\u00e9lateurs et surg\u00e9lateurs rapides. Et avec notre syst\u00e8me r\u00e9volutionnaire Patt, nous proposons le refroidissement qui m\u00e9nage le mieux vos p\u00e2tons. Notre multitalent : PATT\u00ae a r\u00e9volutionn\u00e9 les processus dans les fournils. Le proc\u00e9d\u00e9 sp\u00e9cialis\u00e9 de cuisson longue dur\u00e9e vous permet de produire des produits de boulangerie de grande qualit\u00e9 et particuli\u00e8rement naturels.Du pain et des p\u00e2tisseries frais d&rsquo;excellente qualit\u00e9 &#8211; pr\u00eats \u00e0 cuire \u00e0 tout moment. 5 raisons du succ\u00e8s avec la technique du froidMeilleure qualit\u00e9 des produits gr\u00e2ce \u00e0 des processus reproductibles, des ar\u00f4mes plus intenses et une conservation plus longue de la fra\u00eecheur gr\u00e2ce \u00e0 la longue maturationOptimisation du processus dans le fournil gr\u00e2ce \u00e0 un stockage stable des p\u00e2tons et \u00e0 la r\u00e9duction du travail de nuitPlus facile \u00e0 dig\u00e9rer gr\u00e2ce \u00e0 une maturation lente en douceurReady to bake: plus grande disponibilit\u00e9 des produits de boulangerie dans le fournil et les magasins et cuisson imm\u00e9diate des p\u00e2tonsDurabilit\u00e9 gr\u00e2ce au refroidissement avec le CO2 comme r\u00e9frig\u00e9rant naturel et \u00e0 la r\u00e9utilisation de l\u2019\u00e9nergie gr\u00e2ce \u00e0 la r\u00e9cup\u00e9ration de chaleurPionniers du froid dans la boulangerie Depuis plus de 35 [&hellip;]<\/p>\n","protected":false},"author":1,"featured_media":0,"parent":0,"menu_order":0,"comment_status":"closed","ping_status":"closed","template":"","meta":{"_et_pb_use_builder":"on","_et_pb_old_content":"","_et_gb_content_width":"","inline_featured_image":false,"footnotes":""},"difl_page_category":[],"class_list":["post-459830","page","type-page","status-publish","hentry"],"_links":{"self":[{"href":"https:\/\/www.kolbkaelte.ch\/fr\/wp-json\/wp\/v2\/pages\/459830","targetHints":{"allow":["GET"]}}],"collection":[{"href":"https:\/\/www.kolbkaelte.ch\/fr\/wp-json\/wp\/v2\/pages"}],"about":[{"href":"https:\/\/www.kolbkaelte.ch\/fr\/wp-json\/wp\/v2\/types\/page"}],"author":[{"embeddable":true,"href":"https:\/\/www.kolbkaelte.ch\/fr\/wp-json\/wp\/v2\/users\/1"}],"replies":[{"embeddable":true,"href":"https:\/\/www.kolbkaelte.ch\/fr\/wp-json\/wp\/v2\/comments?post=459830"}],"version-history":[{"count":14,"href":"https:\/\/www.kolbkaelte.ch\/fr\/wp-json\/wp\/v2\/pages\/459830\/revisions"}],"predecessor-version":[{"id":461083,"href":"https:\/\/www.kolbkaelte.ch\/fr\/wp-json\/wp\/v2\/pages\/459830\/revisions\/461083"}],"wp:attachment":[{"href":"https:\/\/www.kolbkaelte.ch\/fr\/wp-json\/wp\/v2\/media?parent=459830"}],"wp:term":[{"taxonomy":"difl_page_category","embeddable":true,"href":"https:\/\/www.kolbkaelte.ch\/fr\/wp-json\/wp\/v2\/difl_page_category?post=459830"}],"curies":[{"name":"wp","href":"https:\/\/api.w.org\/{rel}","templated":true}]}}