{"id":459868,"date":"2022-09-19T12:17:30","date_gmt":"2022-09-19T10:17:30","guid":{"rendered":"https:\/\/www.kolbkaelte.ch\/contact-service\/"},"modified":"2025-01-31T13:52:32","modified_gmt":"2025-01-31T12:52:32","slug":"contact-sav","status":"publish","type":"page","link":"https:\/\/www.kolbkaelte.ch\/fr\/contact-sav\/","title":{"rendered":"Contact SAV"},"content":{"rendered":"<p>[et_pb_section fb_built=\u00a0\u00bb1&Prime; _builder_version=\u00a0\u00bb4.18.0&Prime; _module_preset=\u00a0\u00bb2a2180eb-4658-459f-be60-4662e57b96f7&Prime; background_image=\u00a0\u00bbhttps:\/\/kolbkaelte.ch\/wp-content\/uploads\/2022\/10\/landing-page_service_3.jpg\u00a0\u00bb background_last_edited=\u00a0\u00bbon|phone\u00a0\u00bb background_image_tablet=\u00a0\u00bbhttps:\/\/kolbkaelte.ch\/wp-content\/uploads\/2022\/10\/Kolb-Kaelte_Kaeltetechnik_Kuehlung_Service_7.jpg\u00a0\u00bb background_image_phone=\u00a0\u00bbhttps:\/\/kolbkaelte.ch\/wp-content\/uploads\/2022\/10\/Kolb-Kaelte_Kaeltetechnik_Kuehlung_Service_7.jpg\u00a0\u00bb background_position_phone=\u00a0\u00bbtop_right\u00a0\u00bb background_horizontal_offset_phone=\u00a0\u00bb25%\u00a0\u00bb background_vertical_offset_phone=\u00a0\u00bb34%\u00a0\u00bb locked=\u00a0\u00bboff\u00a0\u00bb global_colors_info=\u00a0\u00bb{}\u00a0\u00bb][et_pb_row column_structure=\u00a0\u00bb1_2,1_2&Prime; _builder_version=\u00a0\u00bb4.16&Prime; _module_preset=\u00a0\u00bbdefault\u00a0\u00bb global_colors_info=\u00a0\u00bb{}\u00a0\u00bb][et_pb_column type=\u00a0\u00bb1_2&Prime; _builder_version=\u00a0\u00bb4.16&Prime; _module_preset=\u00a0\u00bbdefault\u00a0\u00bb global_colors_info=\u00a0\u00bb{}\u00a0\u00bb][et_pb_text _builder_version=\u00a0\u00bb4.18.0&Prime; _module_preset=\u00a0\u00bbdefault\u00a0\u00bb text_text_color=\u00a0\u00bb#FFFFFF\u00a0\u00bb header_text_color=\u00a0\u00bb#FFFFFF\u00a0\u00bb global_colors_info=\u00a0\u00bb{}\u00a0\u00bb]<\/p>\n<h1>Contact service<\/h1>\n<p>Toujours joignable. Vite sur place.<\/p>\n<p>Vous avez une demande de service ? Nous vous aidons rapidement.<br \/>En Autriche, en Suisse et dans certaines r\u00e9gions d&rsquo;Allemagne, nous proposons un r\u00e9seau de service complet avec plus de 40 techniciens de service exp\u00e9riment\u00e9s et nous le d\u00e9veloppons en permanence.<\/p>\n<p>[\/et_pb_text][dsm_button button_one_text=\u00a0\u00bbContact\u00a0\u00bb button_one_url=\u00a0\u00bb#section2&Prime; button_two_text=\u00a0\u00bbEn savoir plus\u00a0\u00bb button_two_url=\u00a0\u00bb#section2&Prime; _builder_version=\u00a0\u00bb4.18.0&Prime; _module_preset=\u00a0\u00bb6e89adfc-dced-4668-9aa2-6537d9f9bb90&Prime; locked=\u00a0\u00bboff\u00a0\u00bb global_colors_info=\u00a0\u00bb{}\u00a0\u00bb][\/dsm_button][\/et_pb_column][et_pb_column type=\u00a0\u00bb1_2&Prime; _builder_version=\u00a0\u00bb4.16&Prime; _module_preset=\u00a0\u00bbdefault\u00a0\u00bb global_colors_info=\u00a0\u00bb{}\u00a0\u00bb][\/et_pb_column][\/et_pb_row][\/et_pb_section][et_pb_section fb_built=\u00a0\u00bb1&Prime; module_id=\u00a0\u00bbsection2&Prime; _builder_version=\u00a0\u00bb4.21.0&Prime; _module_preset=\u00a0\u00bbdefault\u00a0\u00bb custom_padding=\u00a0\u00bb5vh||2vh||false|false\u00a0\u00bb global_colors_info=\u00a0\u00bb{}\u00a0\u00bb][et_pb_row _builder_version=\u00a0\u00bb4.18.0&Prime; _module_preset=\u00a0\u00bbdefault\u00a0\u00bb background_color=\u00a0\u00bb#0e9cd9&Prime; border_radii=\u00a0\u00bbon|4px|4px|4px|4px\u00a0\u00bb global_colors_info=\u00a0\u00bb{}\u00a0\u00bb][et_pb_column type=\u00a0\u00bb4_4&Prime; _builder_version=\u00a0\u00bb4.18.0&Prime; _module_preset=\u00a0\u00bbdefault\u00a0\u00bb global_colors_info=\u00a0\u00bb{}\u00a0\u00bb][et_pb_text _builder_version=\u00a0\u00bb4.18.0&Prime; _module_preset=\u00a0\u00bbdefault\u00a0\u00bb text_font=\u00a0\u00bb|600|||||||\u00a0\u00bb text_text_color=\u00a0\u00bb#FFFFFF\u00a0\u00bb text_font_size=\u00a0\u00bb21px\u00a0\u00bb text_orientation=\u00a0\u00bbcenter\u00a0\u00bb global_colors_info=\u00a0\u00bb{}\u00a0\u00bb]<\/p>\n<h2><span style=\"color: #ffffff;\">Notre service d&rsquo;assistance t\u00e9l\u00e9phonique :<\/span><br \/><span style=\"color: #ffffff;\">Un service complet 24 heures sur 24<\/span><\/h2>\n<p>[\/et_pb_text][\/et_pb_column][\/et_pb_row][et_pb_row column_structure=\u00a0\u00bb1_3,1_3,1_3&Prime; use_custom_gutter=\u00a0\u00bbon\u00a0\u00bb gutter_width=\u00a0\u00bb2&Prime; make_equal=\u00a0\u00bbon\u00a0\u00bb _builder_version=\u00a0\u00bb4.18.0&Prime; _module_preset=\u00a0\u00bbdefault\u00a0\u00bb global_colors_info=\u00a0\u00bb{}\u00a0\u00bb][et_pb_column type=\u00a0\u00bb1_3&Prime; _builder_version=\u00a0\u00bb4.18.0&Prime; _module_preset=\u00a0\u00bbdefault\u00a0\u00bb background_color=\u00a0\u00bb#e0e7ef\u00a0\u00bb custom_padding=\u00a0\u00bb25px|15px|25px|15px|true|true\u00a0\u00bb custom_css_main_element=\u00a0\u00bbdisplay: flex;||align-items: center;||flex-direction: column;||justify-content: center;\u00a0\u00bb border_radii=\u00a0\u00bbon|5px|5px|5px|5px\u00a0\u00bb box_shadow_style=\u00a0\u00bbpreset1&Prime; box_shadow_color=\u00a0\u00bbrgba(0,0,0,0.15)\u00a0\u00bb global_colors_info=\u00a0\u00bb{}\u00a0\u00bb][et_pb_text _builder_version=\u00a0\u00bb4.18.0&Prime; _module_preset=\u00a0\u00bbdefault\u00a0\u00bb text_font_size=\u00a0\u00bb30px\u00a0\u00bb link_font_size=\u00a0\u00bb17px\u00a0\u00bb header_3_font=\u00a0\u00bb||||||||\u00a0\u00bb header_3_text_align=\u00a0\u00bbcenter\u00a0\u00bb header_3_text_color=\u00a0\u00bb#0a0000&Prime; header_3_font_size=\u00a0\u00bb22px\u00a0\u00bb text_orientation=\u00a0\u00bbcenter\u00a0\u00bb text_font_size_tablet=\u00a0\u00bb27px\u00a0\u00bb text_font_size_phone=\u00a0\u00bb25px\u00a0\u00bb link_font_size_tablet=\u00a0\u00bb17px\u00a0\u00bb link_font_size_phone=\u00a0\u00bb17px\u00a0\u00bb link_font_size_last_edited=\u00a0\u00bbon|desktop\u00a0\u00bb global_colors_info=\u00a0\u00bb{}\u00a0\u00bb]<\/p>\n<h3>Service d&rsquo;assistance t\u00e9l\u00e9phonique Suisse<\/h3>\n<p>+41 62 834 02 60<\/p>\n<p>[\/et_pb_text][\/et_pb_column][et_pb_column type=\u00a0\u00bb1_3&Prime; _builder_version=\u00a0\u00bb4.18.0&Prime; _module_preset=\u00a0\u00bbdefault\u00a0\u00bb background_color=\u00a0\u00bb#e0e7ef\u00a0\u00bb custom_padding=\u00a0\u00bb25px|15px|25px|15px|true|true\u00a0\u00bb border_radii=\u00a0\u00bbon|5px|5px|5px|5px\u00a0\u00bb box_shadow_style=\u00a0\u00bbpreset1&Prime; box_shadow_color=\u00a0\u00bbrgba(0,0,0,0.15)\u00a0\u00bb global_colors_info=\u00a0\u00bb{}\u00a0\u00bb][et_pb_text _builder_version=\u00a0\u00bb4.18.0&Prime; _module_preset=\u00a0\u00bbdefault\u00a0\u00bb text_font_size=\u00a0\u00bb30px\u00a0\u00bb link_font_size=\u00a0\u00bb17px\u00a0\u00bb header_3_font=\u00a0\u00bb||||||||\u00a0\u00bb header_3_text_align=\u00a0\u00bbcenter\u00a0\u00bb header_3_text_color=\u00a0\u00bb#0a0000&Prime; header_3_font_size=\u00a0\u00bb22px\u00a0\u00bb text_orientation=\u00a0\u00bbcenter\u00a0\u00bb text_font_size_tablet=\u00a0\u00bb27px\u00a0\u00bb text_font_size_phone=\u00a0\u00bb25px\u00a0\u00bb link_font_size_tablet=\u00a0\u00bb17px\u00a0\u00bb link_font_size_phone=\u00a0\u00bb17px\u00a0\u00bb link_font_size_last_edited=\u00a0\u00bbon|desktop\u00a0\u00bb global_colors_info=\u00a0\u00bb{}\u00a0\u00bb]<\/p>\n<h3>Service d&rsquo;assistance t\u00e9l\u00e9phonique Autriche<\/h3>\n<p>+43 5522 37500 18<br \/><a href=\"https:\/\/www.kolb.at\/servicenetz\" target=\"_blank\" rel=\"noopener\">Plus d&rsquo;infos sur le r\u00e9seau de service en Autriche<\/a><\/p>\n<p>[\/et_pb_text][\/et_pb_column][et_pb_column type=\u00a0\u00bb1_3&Prime; _builder_version=\u00a0\u00bb4.18.0&Prime; _module_preset=\u00a0\u00bbdefault\u00a0\u00bb background_color=\u00a0\u00bb#e0e7ef\u00a0\u00bb custom_padding=\u00a0\u00bb25px|15px|25px|15px|true|true\u00a0\u00bb custom_css_main_element=\u00a0\u00bbdisplay: flex;||align-items: center;||flex-direction: column;||justify-content: center;\u00a0\u00bb border_radii=\u00a0\u00bbon|5px|5px|5px|5px\u00a0\u00bb box_shadow_style=\u00a0\u00bbpreset1&Prime; box_shadow_color=\u00a0\u00bbrgba(0,0,0,0.15)\u00a0\u00bb global_colors_info=\u00a0\u00bb{}\u00a0\u00bb][et_pb_text _builder_version=\u00a0\u00bb4.18.0&Prime; _module_preset=\u00a0\u00bbdefault\u00a0\u00bb text_font_size=\u00a0\u00bb30px\u00a0\u00bb link_font_size=\u00a0\u00bb17px\u00a0\u00bb header_3_font=\u00a0\u00bb||||||||\u00a0\u00bb header_3_text_align=\u00a0\u00bbcenter\u00a0\u00bb header_3_text_color=\u00a0\u00bb#0a0000&Prime; header_3_font_size=\u00a0\u00bb22px\u00a0\u00bb text_orientation=\u00a0\u00bbcenter\u00a0\u00bb text_font_size_tablet=\u00a0\u00bb27px\u00a0\u00bb text_font_size_phone=\u00a0\u00bb25px\u00a0\u00bb link_font_size_tablet=\u00a0\u00bb17px\u00a0\u00bb link_font_size_phone=\u00a0\u00bb17px\u00a0\u00bb link_font_size_last_edited=\u00a0\u00bbon|desktop\u00a0\u00bb global_colors_info=\u00a0\u00bb{}\u00a0\u00bb]<\/p>\n<h3>Service d&rsquo;assistance t\u00e9l\u00e9phonique Allemagne<\/h3>\n<p>+41 62 834 02 60<\/p>\n<p>[\/et_pb_text][\/et_pb_column][\/et_pb_row][\/et_pb_section][et_pb_section fb_built=\u00a0\u00bb1&Prime; _builder_version=\u00a0\u00bb4.19.0&Prime; _module_preset=\u00a0\u00bbdefault\u00a0\u00bb custom_padding=\u00a0\u00bb0vh||0vh||true|false\u00a0\u00bb global_colors_info=\u00a0\u00bb{}\u00a0\u00bb][et_pb_row _builder_version=\u00a0\u00bb4.19.0&Prime; _module_preset=\u00a0\u00bbdefault\u00a0\u00bb custom_padding=\u00a0\u00bb||0px|||\u00a0\u00bb global_colors_info=\u00a0\u00bb{}\u00a0\u00bb][et_pb_column type=\u00a0\u00bb4_4&Prime; _builder_version=\u00a0\u00bb4.19.0&Prime; _module_preset=\u00a0\u00bbdefault\u00a0\u00bb global_colors_info=\u00a0\u00bb{}\u00a0\u00bb][et_pb_text _builder_version=\u00a0\u00bb4.21.0&Prime; _module_preset=\u00a0\u00bbdefault\u00a0\u00bb global_colors_info=\u00a0\u00bb{}\u00a0\u00bb]<\/p>\n<h2>Vos interlocuteurs de service<\/h2>\n<p>[\/et_pb_text][\/et_pb_column][\/et_pb_row][et_pb_row column_structure=\u00a0\u00bb1_4,1_4,1_4,1_4&Prime; use_custom_gutter=\u00a0\u00bbon\u00a0\u00bb gutter_width=\u00a0\u00bb4&Prime; _builder_version=\u00a0\u00bb4.19.0&Prime; _module_preset=\u00a0\u00bbdefault\u00a0\u00bb global_colors_info=\u00a0\u00bb{}\u00a0\u00bb][et_pb_column type=\u00a0\u00bb1_4&Prime; _builder_version=\u00a0\u00bb4.19.0&Prime; _module_preset=\u00a0\u00bbdefault\u00a0\u00bb global_colors_info=\u00a0\u00bb{}\u00a0\u00bb][et_pb_team_member name=\u00a0\u00bbCornelia Escher\u00a0\u00bb position=\u00a0\u00bbResponsable service froid\u00a0\u00bb image_url=\u00a0\u00bbhttps:\/\/www.kolbkaelte.ch\/wp-content\/uploads\/2023\/05\/cornelia_escher_q.jpg\u00a0\u00bb _builder_version=\u00a0\u00bb4.21.0&Prime; _module_preset=\u00a0\u00bbdefault\u00a0\u00bb header_text_align=\u00a0\u00bbcenter\u00a0\u00bb header_font_size=\u00a0\u00bb26px\u00a0\u00bb body_font_size=\u00a0\u00bb16px\u00a0\u00bb body_line_height=\u00a0\u00bb1.4em\u00a0\u00bb position_text_align=\u00a0\u00bbcenter\u00a0\u00bb position_font_size=\u00a0\u00bb19px\u00a0\u00bb position_line_height=\u00a0\u00bb1.3em\u00a0\u00bb custom_margin=\u00a0\u00bb||||false|false\u00a0\u00bb custom_padding=\u00a0\u00bb0px||||false|false\u00a0\u00bb header_font_size_tablet=\u00a0\u00bb24px\u00a0\u00bb header_font_size_phone=\u00a0\u00bb24px\u00a0\u00bb header_font_size_last_edited=\u00a0\u00bbon|phone\u00a0\u00bb custom_css_member_image=\u00a0\u00bbmargin-bottom:20px;||margin-left: auto;||margin-right: auto;||max-width:250px;\u00a0\u00bb custom_css_member_position=\u00a0\u00bbmargin-bottom:5px;\u00a0\u00bb border_radii_image=\u00a0\u00bbon|180px|180px|180px|180px\u00a0\u00bb global_colors_info=\u00a0\u00bb{}\u00a0\u00bb]<\/p>\n<p style=\"text-align: center;\"><a href=\"tel:+41628340276\">T\u00e9l. +41 62 834 02 76<\/a><br \/><a href=\"mailto:c.escher@kolbkaelte.ch\"><\/a><a href=\"mailto:c.escher@kolbkaelte.ch\">c.escher@kolbkaelte.ch<\/a><\/p>\n<p>[\/et_pb_team_member][\/et_pb_column][et_pb_column type=\u00a0\u00bb1_4&Prime; _builder_version=\u00a0\u00bb4.19.0&Prime; _module_preset=\u00a0\u00bbdefault\u00a0\u00bb global_colors_info=\u00a0\u00bb{}\u00a0\u00bb][et_pb_team_member name=\u00a0\u00bbEmir Jaskic\u00a0\u00bb position=\u00a0\u00bbDisposition service apr\u00e8s-vente\u00a0\u00bb image_url=\u00a0\u00bbhttps:\/\/www.kolbkaelte.ch\/wp-content\/uploads\/2024\/09\/emir-3.jpg\u00a0\u00bb _builder_version=\u00a0\u00bb4.25.2&Prime; _module_preset=\u00a0\u00bbdefault\u00a0\u00bb header_text_align=\u00a0\u00bbcenter\u00a0\u00bb header_font_size=\u00a0\u00bb26px\u00a0\u00bb body_font_size=\u00a0\u00bb16px\u00a0\u00bb body_line_height=\u00a0\u00bb1.4em\u00a0\u00bb position_text_align=\u00a0\u00bbcenter\u00a0\u00bb position_font_size=\u00a0\u00bb19px\u00a0\u00bb position_line_height=\u00a0\u00bb1.3em\u00a0\u00bb custom_margin=\u00a0\u00bb||||false|false\u00a0\u00bb custom_padding=\u00a0\u00bb0px||||false|false\u00a0\u00bb header_font_size_tablet=\u00a0\u00bb24px\u00a0\u00bb header_font_size_phone=\u00a0\u00bb24px\u00a0\u00bb header_font_size_last_edited=\u00a0\u00bbon|phone\u00a0\u00bb custom_css_member_image=\u00a0\u00bbmargin-bottom:20px;||margin-left: auto;||margin-right: auto;||max-width:250px;\u00a0\u00bb custom_css_member_position=\u00a0\u00bbmargin-bottom:5px;\u00a0\u00bb border_radii_image=\u00a0\u00bbon|180px|180px|180px|180px\u00a0\u00bb global_colors_info=\u00a0\u00bb{}\u00a0\u00bb]<\/p>\n<p style=\"text-align: center;\"><a href=\"tel:+41628340262\">T\u00e9l. +41 62 834 02 62<\/a><br \/><a href=\"mailto:e.jaskic@kolbkaelte.ch\">e.jaskic@kolbkaelte.ch<\/a><\/p>\n<p>[\/et_pb_team_member][\/et_pb_column][et_pb_column type=\u00a0\u00bb1_4&Prime; _builder_version=\u00a0\u00bb4.19.0&Prime; _module_preset=\u00a0\u00bbdefault\u00a0\u00bb global_colors_info=\u00a0\u00bb{}\u00a0\u00bb][et_pb_team_member name=\u00a0\u00bbSilvia Zarra\u00a0\u00bb position=\u00a0\u00bbAdministration\u00a0\u00bb image_url=\u00a0\u00bbhttps:\/\/www.kolbkaelte.ch\/wp-content\/uploads\/2023\/05\/silvia_zarra_q.jpg\u00a0\u00bb _builder_version=\u00a0\u00bb4.21.0&Prime; _module_preset=\u00a0\u00bbdefault\u00a0\u00bb header_text_align=\u00a0\u00bbcenter\u00a0\u00bb header_font_size=\u00a0\u00bb26px\u00a0\u00bb body_font_size=\u00a0\u00bb16px\u00a0\u00bb body_line_height=\u00a0\u00bb1.4em\u00a0\u00bb position_text_align=\u00a0\u00bbcenter\u00a0\u00bb position_font_size=\u00a0\u00bb19px\u00a0\u00bb position_line_height=\u00a0\u00bb1.3em\u00a0\u00bb custom_margin=\u00a0\u00bb||||false|false\u00a0\u00bb custom_padding=\u00a0\u00bb0px||||false|false\u00a0\u00bb header_font_size_tablet=\u00a0\u00bb24px\u00a0\u00bb header_font_size_phone=\u00a0\u00bb24px\u00a0\u00bb header_font_size_last_edited=\u00a0\u00bbon|phone\u00a0\u00bb custom_css_member_image=\u00a0\u00bbmargin-bottom:20px;||margin-left: auto;||margin-right: auto;||max-width:250px;\u00a0\u00bb custom_css_member_position=\u00a0\u00bbmargin-bottom:5px;\u00a0\u00bb border_radii_image=\u00a0\u00bbon|180px|180px|180px|180px\u00a0\u00bb global_colors_info=\u00a0\u00bb{}\u00a0\u00bb]<\/p>\n<p style=\"text-align: center;\"><a href=\"tel:+41628340270\">T\u00e9l. +41 62 834 02 70<\/a><br \/>\n<a href=\"mailto:s.zarra@kolbkaelte.ch\">s.zarra@kolbkaelte.ch<\/a><\/p>\n<p>[\/et_pb_team_member][\/et_pb_column][et_pb_column type=\u00a0\u00bb1_4&Prime; _builder_version=\u00a0\u00bb4.19.0&Prime; _module_preset=\u00a0\u00bbdefault\u00a0\u00bb global_colors_info=\u00a0\u00bb{}\u00a0\u00bb][et_pb_team_member name=\u00a0\u00bbManfred Sch\u00e4r\u00a0\u00bb position=\u00a0\u00bbChef de projet\u00a0\u00bb image_url=\u00a0\u00bbhttps:\/\/www.kolbkaelte.ch\/wp-content\/uploads\/2023\/05\/manfred_schaer_q.jpg\u00a0\u00bb _builder_version=\u00a0\u00bb4.19.0&Prime; _module_preset=\u00a0\u00bbdefault\u00a0\u00bb header_text_align=\u00a0\u00bbcenter\u00a0\u00bb header_font_size=\u00a0\u00bb26px\u00a0\u00bb body_font_size=\u00a0\u00bb16px\u00a0\u00bb body_line_height=\u00a0\u00bb1.4em\u00a0\u00bb position_text_align=\u00a0\u00bbcenter\u00a0\u00bb position_font_size=\u00a0\u00bb19px\u00a0\u00bb position_line_height=\u00a0\u00bb1.3em\u00a0\u00bb custom_margin=\u00a0\u00bb||||false|false\u00a0\u00bb custom_padding=\u00a0\u00bb0px||||false|false\u00a0\u00bb header_font_size_tablet=\u00a0\u00bb24px\u00a0\u00bb header_font_size_phone=\u00a0\u00bb24px\u00a0\u00bb header_font_size_last_edited=\u00a0\u00bbon|phone\u00a0\u00bb custom_css_member_image=\u00a0\u00bbmargin-bottom:20px;||margin-left: auto;||margin-right: auto;||max-width:250px;\u00a0\u00bb custom_css_member_position=\u00a0\u00bbmargin-bottom:5px;\u00a0\u00bb border_radii_image=\u00a0\u00bbon|180px|180px|180px|180px\u00a0\u00bb global_colors_info=\u00a0\u00bb{}\u00a0\u00bb]<\/p>\n<p style=\"text-align: center;\"><a href=\"tel:+41628340264\">T\u00e9l. +41 62 834 02 64<\/a><br \/><a href=\"mailto:m.schaer@kolbkaelte.ch\">m.schaer@kolbkaelte.ch<\/a><\/p>\n<p>[\/et_pb_team_member][\/et_pb_column][\/et_pb_row][et_pb_row column_structure=\u00a0\u00bb1_4,1_4,1_4,1_4&Prime; use_custom_gutter=\u00a0\u00bbon\u00a0\u00bb gutter_width=\u00a0\u00bb4&Prime; _builder_version=\u00a0\u00bb4.19.0&Prime; _module_preset=\u00a0\u00bbdefault\u00a0\u00bb global_colors_info=\u00a0\u00bb{}\u00a0\u00bb][et_pb_column type=\u00a0\u00bb1_4&Prime; _builder_version=\u00a0\u00bb4.19.0&Prime; _module_preset=\u00a0\u00bbdefault\u00a0\u00bb global_colors_info=\u00a0\u00bb{}\u00a0\u00bb][et_pb_team_member name=\u00a0\u00bbSead Adrovic  \u00a0\u00bb position=\u00a0\u00bbChef de secteur Est\u00a0\u00bb image_url=\u00a0\u00bbhttps:\/\/www.kolbkaelte.ch\/wp-content\/uploads\/2023\/05\/sead_adrovic_q.jpg\u00a0\u00bb _builder_version=\u00a0\u00bb4.19.0&Prime; _module_preset=\u00a0\u00bbdefault\u00a0\u00bb header_text_align=\u00a0\u00bbcenter\u00a0\u00bb header_font_size=\u00a0\u00bb26px\u00a0\u00bb body_font_size=\u00a0\u00bb16px\u00a0\u00bb body_line_height=\u00a0\u00bb1.4em\u00a0\u00bb position_text_align=\u00a0\u00bbcenter\u00a0\u00bb position_font_size=\u00a0\u00bb19px\u00a0\u00bb position_line_height=\u00a0\u00bb1.3em\u00a0\u00bb custom_margin=\u00a0\u00bb||||false|false\u00a0\u00bb custom_padding=\u00a0\u00bb0px||||false|false\u00a0\u00bb header_font_size_tablet=\u00a0\u00bb24px\u00a0\u00bb header_font_size_phone=\u00a0\u00bb24px\u00a0\u00bb header_font_size_last_edited=\u00a0\u00bbon|phone\u00a0\u00bb custom_css_member_image=\u00a0\u00bbmargin-bottom:20px;||margin-left: auto;||margin-right: auto;||max-width:250px;\u00a0\u00bb custom_css_member_position=\u00a0\u00bbmargin-bottom:5px;\u00a0\u00bb border_radii_image=\u00a0\u00bbon|180px|180px|180px|180px\u00a0\u00bb global_colors_info=\u00a0\u00bb{}\u00a0\u00bb]<\/p>\n<p style=\"text-align: center;\"><a href=\"tel:+41717677642\">Tel. +41 71 767 76 42<\/a><br \/><a href=\"mailto:s.adrovic@kolbkaelte.ch\">s.adrovic@kolbkaelte.ch<\/a><\/p>\n<p>[\/et_pb_team_member][\/et_pb_column][et_pb_column type=\u00a0\u00bb1_4&Prime; _builder_version=\u00a0\u00bb4.19.0&Prime; _module_preset=\u00a0\u00bbdefault\u00a0\u00bb global_colors_info=\u00a0\u00bb{}\u00a0\u00bb][et_pb_team_member name=\u00a0\u00bbJarosch Tognola \u00a0\u00bb position=\u00a0\u00bbChef de secteur Ouest \/ Tessin\u00a0\u00bb image_url=\u00a0\u00bbhttps:\/\/www.kolbkaelte.ch\/wp-content\/uploads\/2023\/05\/jarosch_tagnola_q-1.jpg\u00a0\u00bb _builder_version=\u00a0\u00bb4.19.0&Prime; _module_preset=\u00a0\u00bbdefault\u00a0\u00bb header_text_align=\u00a0\u00bbcenter\u00a0\u00bb header_font_size=\u00a0\u00bb26px\u00a0\u00bb body_font_size=\u00a0\u00bb16px\u00a0\u00bb body_line_height=\u00a0\u00bb1.4em\u00a0\u00bb position_text_align=\u00a0\u00bbcenter\u00a0\u00bb position_font_size=\u00a0\u00bb19px\u00a0\u00bb position_line_height=\u00a0\u00bb1.3em\u00a0\u00bb custom_margin=\u00a0\u00bb||||false|false\u00a0\u00bb custom_padding=\u00a0\u00bb0px||||false|false\u00a0\u00bb header_font_size_tablet=\u00a0\u00bb24px\u00a0\u00bb header_font_size_phone=\u00a0\u00bb24px\u00a0\u00bb header_font_size_last_edited=\u00a0\u00bbon|phone\u00a0\u00bb custom_css_member_image=\u00a0\u00bbmargin-bottom:20px;||margin-left: auto;||margin-right: auto;||max-width:250px;\u00a0\u00bb custom_css_member_position=\u00a0\u00bbmargin-bottom:5px;\u00a0\u00bb border_radii_image=\u00a0\u00bbon|180px|180px|180px|180px\u00a0\u00bb global_colors_info=\u00a0\u00bb{}\u00a0\u00bb]<\/p>\n<p style=\"text-align: center;\"><a href=\"tel:+41762728134\">T\u00e9l. +41 76 272 81 34<\/a><br \/><a href=\"mailto:j.tognola@kolbkaelte.ch\">j.tognola@kolbkaelte.ch<\/a><\/p>\n<p>[\/et_pb_team_member][\/et_pb_column][et_pb_column type=\u00a0\u00bb1_4&Prime; _builder_version=\u00a0\u00bb4.19.0&Prime; _module_preset=\u00a0\u00bbdefault\u00a0\u00bb global_colors_info=\u00a0\u00bb{}\u00a0\u00bb][et_pb_team_member name=\u00a0\u00bbDominik B\u00fcchele  \u00a0\u00bb position=\u00a0\u00bbChef de secteur centre \u00a0\u00bb image_url=\u00a0\u00bbhttps:\/\/www.kolbkaelte.ch\/wp-content\/uploads\/2023\/05\/dominik_buechele_q-1.jpg\u00a0\u00bb _builder_version=\u00a0\u00bb4.19.0&Prime; _module_preset=\u00a0\u00bbdefault\u00a0\u00bb header_text_align=\u00a0\u00bbcenter\u00a0\u00bb header_font_size=\u00a0\u00bb26px\u00a0\u00bb body_font_size=\u00a0\u00bb16px\u00a0\u00bb body_line_height=\u00a0\u00bb1.4em\u00a0\u00bb position_text_align=\u00a0\u00bbcenter\u00a0\u00bb position_font_size=\u00a0\u00bb19px\u00a0\u00bb position_line_height=\u00a0\u00bb1.3em\u00a0\u00bb custom_margin=\u00a0\u00bb||||false|false\u00a0\u00bb custom_padding=\u00a0\u00bb0px||||false|false\u00a0\u00bb header_font_size_tablet=\u00a0\u00bb24px\u00a0\u00bb header_font_size_phone=\u00a0\u00bb24px\u00a0\u00bb header_font_size_last_edited=\u00a0\u00bbon|phone\u00a0\u00bb custom_css_member_image=\u00a0\u00bbmargin-bottom:20px;||margin-left: auto;||margin-right: auto;||max-width:250px;\u00a0\u00bb custom_css_member_position=\u00a0\u00bbmargin-bottom:5px;\u00a0\u00bb border_radii_image=\u00a0\u00bbon|180px|180px|180px|180px\u00a0\u00bb global_colors_info=\u00a0\u00bb{}\u00a0\u00bb]<\/p>\n<p style=\"text-align: center;\"><a href=\"tel:+41797490920\">T\u00e9l. +41 79 749 09 20<\/a><br \/><a href=\"mailto:d.buechele@kolbkaelte.ch\">d.buechele@kolbkaelte.ch<\/a><\/p>\n<p>[\/et_pb_team_member][\/et_pb_column][et_pb_column type=\u00a0\u00bb1_4&Prime; _builder_version=\u00a0\u00bb4.19.0&Prime; _module_preset=\u00a0\u00bbdefault\u00a0\u00bb global_colors_info=\u00a0\u00bb{}\u00a0\u00bb][et_pb_team_member name=\u00a0\u00bbIvan Kousz\u00a0\u00bb position=\u00a0\u00bbChef de projet\u00a0\u00bb image_url=\u00a0\u00bbhttps:\/\/www.kolbkaelte.ch\/wp-content\/uploads\/2025\/01\/ivan_kousz3-1.jpg\u00a0\u00bb _builder_version=\u00a0\u00bb4.25.2&Prime; _module_preset=\u00a0\u00bbdefault\u00a0\u00bb header_text_align=\u00a0\u00bbcenter\u00a0\u00bb header_font_size=\u00a0\u00bb26px\u00a0\u00bb body_font_size=\u00a0\u00bb16px\u00a0\u00bb body_line_height=\u00a0\u00bb1.4em\u00a0\u00bb position_text_align=\u00a0\u00bbcenter\u00a0\u00bb position_font_size=\u00a0\u00bb19px\u00a0\u00bb position_line_height=\u00a0\u00bb1.3em\u00a0\u00bb custom_margin=\u00a0\u00bb||||false|false\u00a0\u00bb custom_padding=\u00a0\u00bb0px||||false|false\u00a0\u00bb header_font_size_tablet=\u00a0\u00bb24px\u00a0\u00bb header_font_size_phone=\u00a0\u00bb24px\u00a0\u00bb header_font_size_last_edited=\u00a0\u00bbon|phone\u00a0\u00bb custom_css_member_image=\u00a0\u00bbmargin-bottom:20px;||margin-left: auto;||margin-right: auto;||max-width:250px;\u00a0\u00bb custom_css_member_position=\u00a0\u00bbmargin-bottom:5px;\u00a0\u00bb border_radii_image=\u00a0\u00bbon|180px|180px|180px|180px\u00a0\u00bb global_colors_info=\u00a0\u00bb{}\u00a0\u00bb]<\/p>\n<p style=\"text-align: center;\"><a href=\"tel:+41791947159\">T\u00e9l. +41 79 194 71 59<\/a><br \/>\n<a href=\"mailto:i.kousz@kolbkaelte.ch\">i.kousz@kolbkaelte.ch<\/a><\/p>\n<p>[\/et_pb_team_member][\/et_pb_column][\/et_pb_row][\/et_pb_section][et_pb_section fb_built=\u00a0\u00bb1&Prime; module_id=\u00a0\u00bbkontakt\u00a0\u00bb _builder_version=\u00a0\u00bb4.19.0&Prime; _module_preset=\u00a0\u00bbdefault\u00a0\u00bb background_color=\u00a0\u00bb#FFFFFF\u00a0\u00bb custom_padding=\u00a0\u00bb20px||20px||true|false\u00a0\u00bb custom_padding_tablet=\u00a0\u00bb70px||70px||true|false\u00a0\u00bb custom_padding_phone=\u00a0\u00bb40px||40px||true|false\u00a0\u00bb locked=\u00a0\u00bboff\u00a0\u00bb global_colors_info=\u00a0\u00bb{}\u00a0\u00bb][et_pb_row column_structure=\u00a0\u00bb1_4,1_4,1_4,1_4&Prime; use_custom_gutter=\u00a0\u00bbon\u00a0\u00bb gutter_width=\u00a0\u00bb4&Prime; _builder_version=\u00a0\u00bb4.19.0&Prime; _module_preset=\u00a0\u00bbdefault\u00a0\u00bb global_colors_info=\u00a0\u00bb{}\u00a0\u00bb][et_pb_column type=\u00a0\u00bb1_4&Prime; _builder_version=\u00a0\u00bb4.19.0&Prime; _module_preset=\u00a0\u00bbdefault\u00a0\u00bb global_colors_info=\u00a0\u00bb{}\u00a0\u00bb][et_pb_team_member name=\u00a0\u00bbValon Iseni\u00a0\u00bb position=\u00a0\u00bbChef de projet junior\u00a0\u00bb image_url=\u00a0\u00bbhttps:\/\/www.kolbkaelte.ch\/wp-content\/uploads\/2024\/12\/valon_iseni-2.jpg\u00a0\u00bb _builder_version=\u00a0\u00bb4.25.2&Prime; _module_preset=\u00a0\u00bbdefault\u00a0\u00bb header_text_align=\u00a0\u00bbcenter\u00a0\u00bb header_font_size=\u00a0\u00bb26px\u00a0\u00bb body_font_size=\u00a0\u00bb16px\u00a0\u00bb body_line_height=\u00a0\u00bb1.4em\u00a0\u00bb position_text_align=\u00a0\u00bbcenter\u00a0\u00bb position_font_size=\u00a0\u00bb19px\u00a0\u00bb position_line_height=\u00a0\u00bb1.3em\u00a0\u00bb custom_margin=\u00a0\u00bb||||false|false\u00a0\u00bb custom_padding=\u00a0\u00bb0px||||false|false\u00a0\u00bb header_font_size_tablet=\u00a0\u00bb24px\u00a0\u00bb header_font_size_phone=\u00a0\u00bb24px\u00a0\u00bb header_font_size_last_edited=\u00a0\u00bbon|phone\u00a0\u00bb custom_css_member_image=\u00a0\u00bbmargin-bottom:20px;||margin-left: auto;||margin-right: auto;||max-width:250px;\u00a0\u00bb custom_css_member_position=\u00a0\u00bbmargin-bottom:5px;\u00a0\u00bb border_radii_image=\u00a0\u00bbon|180px|180px|180px|180px\u00a0\u00bb global_colors_info=\u00a0\u00bb{}\u00a0\u00bb]<\/p>\n<p style=\"text-align: center;\"><a href=\"tel:+41763102796\">T\u00e9l. +41 76 310 27 96<\/a><br \/><a href=\"mailto:v.iseni@kolbkaelte.ch\">v.iseni@kolbkaelte.ch<\/a><\/p>\n<p>[\/et_pb_team_member][\/et_pb_column][et_pb_column type=\u00a0\u00bb1_4&Prime; _builder_version=\u00a0\u00bb4.19.0&Prime; _module_preset=\u00a0\u00bbdefault\u00a0\u00bb global_colors_info=\u00a0\u00bb{}\u00a0\u00bb][et_pb_team_member name=\u00a0\u00bbThomas Wyss\u00a0\u00bb position=\u00a0\u00bbEntrep\u00f4t\u00a0\u00bb image_url=\u00a0\u00bbhttps:\/\/www.kolbkaelte.ch\/wp-content\/uploads\/2024\/09\/thomas-1.jpg\u00a0\u00bb _builder_version=\u00a0\u00bb4.25.2&Prime; _module_preset=\u00a0\u00bbdefault\u00a0\u00bb header_text_align=\u00a0\u00bbcenter\u00a0\u00bb header_font_size=\u00a0\u00bb26px\u00a0\u00bb body_font_size=\u00a0\u00bb16px\u00a0\u00bb body_line_height=\u00a0\u00bb1.4em\u00a0\u00bb position_text_align=\u00a0\u00bbcenter\u00a0\u00bb position_font_size=\u00a0\u00bb19px\u00a0\u00bb position_line_height=\u00a0\u00bb1.3em\u00a0\u00bb custom_margin=\u00a0\u00bb||||false|false\u00a0\u00bb custom_padding=\u00a0\u00bb0px||||false|false\u00a0\u00bb header_font_size_tablet=\u00a0\u00bb24px\u00a0\u00bb header_font_size_phone=\u00a0\u00bb24px\u00a0\u00bb header_font_size_last_edited=\u00a0\u00bbon|phone\u00a0\u00bb custom_css_member_image=\u00a0\u00bbmargin-bottom:20px;||margin-left: auto;||margin-right: auto;||max-width:250px;\u00a0\u00bb custom_css_member_position=\u00a0\u00bbmargin-bottom:5px;\u00a0\u00bb border_radii_image=\u00a0\u00bbon|180px|180px|180px|180px\u00a0\u00bb global_colors_info=\u00a0\u00bb{}\u00a0\u00bb]<\/p>\n<p style=\"text-align: center;\"><a href=\"tel:+41628340279\">T\u00e9l. +41 62 834 02 79<\/a><br \/><a href=\"mailto:t.wyss@kolbkaelte.ch@kolbkaelte.ch\">t.wyss@kolbkaelte.ch<\/a><\/p>\n<p>[\/et_pb_team_member][\/et_pb_column][et_pb_column type=\u00a0\u00bb1_4&Prime; _builder_version=\u00a0\u00bb4.19.0&Prime; _module_preset=\u00a0\u00bbdefault\u00a0\u00bb global_colors_info=\u00a0\u00bb{}\u00a0\u00bb][et_pb_team_member name=\u00a0\u00bbPatrick Varone \u00a0\u00bb position=\u00a0\u00bbPi\u00e8ces de rechange \/ Offres\u00a0\u00bb image_url=\u00a0\u00bbhttps:\/\/www.kolbkaelte.ch\/wp-content\/uploads\/2023\/05\/patrick_varone_q.jpg\u00a0\u00bb _builder_version=\u00a0\u00bb4.19.0&Prime; _module_preset=\u00a0\u00bbdefault\u00a0\u00bb header_text_align=\u00a0\u00bbcenter\u00a0\u00bb header_font_size=\u00a0\u00bb26px\u00a0\u00bb body_font_size=\u00a0\u00bb16px\u00a0\u00bb body_line_height=\u00a0\u00bb1.4em\u00a0\u00bb position_text_align=\u00a0\u00bbcenter\u00a0\u00bb position_font_size=\u00a0\u00bb19px\u00a0\u00bb position_line_height=\u00a0\u00bb1.3em\u00a0\u00bb custom_margin=\u00a0\u00bb||||false|false\u00a0\u00bb custom_padding=\u00a0\u00bb0px||||false|false\u00a0\u00bb header_font_size_tablet=\u00a0\u00bb24px\u00a0\u00bb header_font_size_phone=\u00a0\u00bb24px\u00a0\u00bb header_font_size_last_edited=\u00a0\u00bbon|phone\u00a0\u00bb custom_css_member_image=\u00a0\u00bbmargin-bottom:20px;||margin-left: auto;||margin-right: auto;||max-width:250px;\u00a0\u00bb custom_css_member_position=\u00a0\u00bbmargin-bottom:5px;\u00a0\u00bb border_radii_image=\u00a0\u00bbon|180px|180px|180px|180px\u00a0\u00bb global_colors_info=\u00a0\u00bb{}\u00a0\u00bb]<\/p>\n<p style=\"text-align: center;\"><a href=\"tel:+41628340277\">T\u00e9l. +41 62 834 02 77<\/a><br \/><a href=\"mailto:p.varone@kolbkaelte.ch\">p.varone@kolbkaelte.ch<\/a><\/p>\n<p>[\/et_pb_team_member][\/et_pb_column][et_pb_column type=\u00a0\u00bb1_4&Prime; _builder_version=\u00a0\u00bb4.19.0&Prime; _module_preset=\u00a0\u00bbdefault\u00a0\u00bb global_colors_info=\u00a0\u00bb{}\u00a0\u00bb][et_pb_team_member name=\u00a0\u00bbViviana Leonardo\u00a0\u00bb position=\u00a0\u00bbApprenant(e) employ\u00e9(e) de commerce CFC\u00a0\u00bb image_url=\u00a0\u00bbhttps:\/\/www.kolbkaelte.ch\/wp-content\/uploads\/2024\/09\/viviana_leonardo_q-2.jpg\u00a0\u00bb _builder_version=\u00a0\u00bb4.25.2&Prime; _module_preset=\u00a0\u00bbdefault\u00a0\u00bb header_text_align=\u00a0\u00bbcenter\u00a0\u00bb header_font_size=\u00a0\u00bb26px\u00a0\u00bb body_font_size=\u00a0\u00bb16px\u00a0\u00bb body_line_height=\u00a0\u00bb1.4em\u00a0\u00bb position_text_align=\u00a0\u00bbcenter\u00a0\u00bb position_font_size=\u00a0\u00bb19px\u00a0\u00bb position_line_height=\u00a0\u00bb1.3em\u00a0\u00bb custom_margin=\u00a0\u00bb||||false|false\u00a0\u00bb custom_padding=\u00a0\u00bb0px||||false|false\u00a0\u00bb header_font_size_tablet=\u00a0\u00bb24px\u00a0\u00bb header_font_size_phone=\u00a0\u00bb24px\u00a0\u00bb header_font_size_last_edited=\u00a0\u00bbon|phone\u00a0\u00bb custom_css_member_image=\u00a0\u00bbmargin-bottom:20px;||margin-left: auto;||margin-right: auto;||max-width:250px;\u00a0\u00bb custom_css_member_position=\u00a0\u00bbmargin-bottom:5px;\u00a0\u00bb border_radii_image=\u00a0\u00bbon|180px|180px|180px|180px\u00a0\u00bb global_colors_info=\u00a0\u00bb{}\u00a0\u00bb]<\/p>\n<p style=\"text-align: center;\"><a href=\"mailto:v.leonardo@kolbkaelte.ch\">v.leonardo@kolbkaelte.ch<\/a><\/p>\n<p>[\/et_pb_team_member][\/et_pb_column][\/et_pb_row][et_pb_row _builder_version=\u00a0\u00bb4.19.0&Prime; _module_preset=\u00a0\u00bbdefault\u00a0\u00bb custom_padding=\u00a0\u00bb||0px|||\u00a0\u00bb global_colors_info=\u00a0\u00bb{}\u00a0\u00bb][et_pb_column type=\u00a0\u00bb4_4&Prime; _builder_version=\u00a0\u00bb4.19.0&Prime; _module_preset=\u00a0\u00bbdefault\u00a0\u00bb global_colors_info=\u00a0\u00bb{}\u00a0\u00bb][et_pb_text _builder_version=\u00a0\u00bb4.21.0&Prime; _module_preset=\u00a0\u00bbdefault\u00a0\u00bb global_colors_info=\u00a0\u00bb{}\u00a0\u00bb]<\/p>\n<h2>Vous avez encore des questions ? N&rsquo;h\u00e9sitez pas \u00e0 nous \u00e9crire !<\/h2>\n<p>[\/et_pb_text][\/et_pb_column][\/et_pb_row][et_pb_row _builder_version=\u00a0\u00bb4.18.0&Prime; _module_preset=\u00a0\u00bbdefault\u00a0\u00bb width=\u00a0\u00bb85%\u00a0\u00bb width_tablet=\u00a0\u00bb80%\u00a0\u00bb width_phone=\u00a0\u00bb95%\u00a0\u00bb width_last_edited=\u00a0\u00bbon|desktop\u00a0\u00bb max_width=\u00a0\u00bb100%\u00a0\u00bb module_alignment=\u00a0\u00bbcenter\u00a0\u00bb custom_margin=\u00a0\u00bb|0px||0px|false|false\u00a0\u00bb custom_padding=\u00a0\u00bb20px|0px|20px|0px|true|false\u00a0\u00bb global_colors_info=\u00a0\u00bb{}\u00a0\u00bb][et_pb_column type=\u00a0\u00bb4_4&Prime; _builder_version=\u00a0\u00bb4.16&Prime; _module_preset=\u00a0\u00bbdefault\u00a0\u00bb global_colors_info=\u00a0\u00bb{}\u00a0\u00bb][et_pb_code raw_content_tablet=\u00a0\u00bb<\/p>\n<style>\n.difl_advancedtab_0 .df_at_nav.md_left, .difl_advancedtab_0 .df_at_nav.md_right {\n    justify-content: left !important;\n    padding-left: 40%;\n}\n<\/style>\n<p>\u00a0\u00bb raw_content_phone=\u00a0\u00bb<\/p>\n<style>\n.difl_advancedtab_0 .df_at_nav.md_left, .difl_advancedtab_0 .df_at_nav.md_right {\n    justify-content: left !important;\n    padding-left: 27%;\n}\n<\/style>\n<p>\u00a0\u00bb raw_content_last_edited=\u00a0\u00bbon|tablet\u00a0\u00bb _builder_version=\u00a0\u00bb4.21.0&Prime; _module_preset=\u00a0\u00bbdefault\u00a0\u00bb saved_tabs=\u00a0\u00bball\u00a0\u00bb global_colors_info=\u00a0\u00bb{}\u00a0\u00bb]<script data-b24-form=\"inline\/38\/m3wm1z\" data-skip-moving=\"true\">(function(w,d,u){var s=d.createElement('script');s.async=true;s.src=u+'?'+(Date.now()\/180000|0);var h=d.getElementsByTagName('script')[0];h.parentNode.insertBefore(s,h);})(window,document,'https:\/\/bitrix.pitec.ch\/upload\/crm\/form\/loader_38_m3wm1z.js');<\/script>[\/et_pb_code][\/et_pb_column][\/et_pb_row][\/et_pb_section]<\/p>\n","protected":false},"excerpt":{"rendered":"<p>Contact service Toujours joignable. Vite sur place. Vous avez une demande de service ? Nous vous aidons rapidement.En Autriche, en Suisse et dans certaines r\u00e9gions d&rsquo;Allemagne, nous proposons un r\u00e9seau de service complet avec plus de 40 techniciens de service exp\u00e9riment\u00e9s et nous le d\u00e9veloppons en permanence.<div class=\"et_pb_module dsm_button dsm_button_0 et_pb_bg_layout_light\">\n\t\t\t\t\n\t\t\t\t\n\t\t\t\t\n\t\t\t\t\n\t\t\t\t\n\t\t\t\t\n\t\t\t\t<div class=\"et_pb_module_inner\">\n\t\t\t\t\t<div class=\"et_pb_button_module_wrappers dsm_button_0_wrapper  et_pb_module\">\n\t\t\t\t<a class=\"et_pb_button et_pb_button_one et_pb_bg_layout_light dsm-none \"  href=#section2 data-dsm-lightbox-id=\"dsm_button_one_lightbox dsm_button_0\"><span>Contact<\/span><\/a><a class=\"et_pb_button et_pb_button_two et_pb_custom_button_icon et_pb_bg_layout_light dsm-none \"  href=#section2 data-icon=\"&#x24;\" data-dsm-lightbox-id=\"dsm_button_two_lightbox dsm_button_0\"><span>En savoir plus<\/span><\/a>\n\t\t\t<\/div>\n\t\t\t\t<\/div>\n\t\t\t<\/div>Notre service d&rsquo;assistance t\u00e9l\u00e9phonique :Un service complet 24 heures sur 24Service d&rsquo;assistance t\u00e9l\u00e9phonique Suisse +41 62 834 02 60Service d&rsquo;assistance t\u00e9l\u00e9phonique Autriche +43 5522 37500 18Plus d&rsquo;infos sur le r\u00e9seau de service en AutricheService d&rsquo;assistance t\u00e9l\u00e9phonique Allemagne +41 62 834 02 60Vos interlocuteurs de serviceT\u00e9l. +41 62 834 02 76c.escher@kolbkaelte.chT\u00e9l. +41 62 834 02 62e.jaskic@kolbkaelte.chT\u00e9l. +41 62 834 02 70 s.zarra@kolbkaelte.chT\u00e9l. +41 62 834 02 64m.schaer@kolbkaelte.chTel. +41 71 767 76 42s.adrovic@kolbkaelte.chT\u00e9l. +41 76 272 81 34j.tognola@kolbkaelte.chT\u00e9l. +41 79 749 09 20d.buechele@kolbkaelte.chT\u00e9l. +41 79 194 71 59 i.kousz@kolbkaelte.chT\u00e9l. +41 76 310 27 96v.iseni@kolbkaelte.chT\u00e9l. +41 62 834 02 79t.wyss@kolbkaelte.chT\u00e9l. +41 62 834 02 77p.varone@kolbkaelte.chv.leonardo@kolbkaelte.chVous avez encore des questions ? N&rsquo;h\u00e9sitez pas \u00e0 nous \u00e9crire !<\/p>\n","protected":false},"author":1,"featured_media":0,"parent":0,"menu_order":0,"comment_status":"closed","ping_status":"closed","template":"","meta":{"_et_pb_use_builder":"on","_et_pb_old_content":"","_et_gb_content_width":"","inline_featured_image":false,"footnotes":""},"difl_page_category":[],"class_list":["post-459868","page","type-page","status-publish","hentry"],"_links":{"self":[{"href":"https:\/\/www.kolbkaelte.ch\/fr\/wp-json\/wp\/v2\/pages\/459868","targetHints":{"allow":["GET"]}}],"collection":[{"href":"https:\/\/www.kolbkaelte.ch\/fr\/wp-json\/wp\/v2\/pages"}],"about":[{"href":"https:\/\/www.kolbkaelte.ch\/fr\/wp-json\/wp\/v2\/types\/page"}],"author":[{"embeddable":true,"href":"https:\/\/www.kolbkaelte.ch\/fr\/wp-json\/wp\/v2\/users\/1"}],"replies":[{"embeddable":true,"href":"https:\/\/www.kolbkaelte.ch\/fr\/wp-json\/wp\/v2\/comments?post=459868"}],"version-history":[{"count":20,"href":"https:\/\/www.kolbkaelte.ch\/fr\/wp-json\/wp\/v2\/pages\/459868\/revisions"}],"predecessor-version":[{"id":461072,"href":"https:\/\/www.kolbkaelte.ch\/fr\/wp-json\/wp\/v2\/pages\/459868\/revisions\/461072"}],"wp:attachment":[{"href":"https:\/\/www.kolbkaelte.ch\/fr\/wp-json\/wp\/v2\/media?parent=459868"}],"wp:term":[{"taxonomy":"difl_page_category","embeddable":true,"href":"https:\/\/www.kolbkaelte.ch\/fr\/wp-json\/wp\/v2\/difl_page_category?post=459868"}],"curies":[{"name":"wp","href":"https:\/\/api.w.org\/{rel}","templated":true}]}}